{"id":442,"date":"2022-10-06T12:58:22","date_gmt":"2022-10-06T12:58:22","guid":{"rendered":"https:\/\/www.kadindostumarkalar.org\/yazilar\/kariyer-basamaklari\/yemeksepetinde-yeni-cfo-ve-cpco-gorevine-basladi"},"modified":"2022-10-06T12:59:14","modified_gmt":"2022-10-06T12:59:14","slug":"yemeksepetinde-yeni-cfo-ve-cpco-gorevine-basladi","status":"publish","type":"page","link":"","title":{"rendered":"YEMEKSEPET\u0130’NDE YEN\u0130 CFO VE CPCO G\u00d6REV\u0130NE BA\u015eLADI"},"content":{"rendered":"Yemeksepeti ’nde yap\u0131lan \u00fcst d\u00fczey atama ile Finanstan  Sorumlu Genel M\u00fcd\u00fcr Yard\u0131mc\u0131s\u0131  (CFO ) g\u00f6revine Sevil Tanr\u0131da\u011fl\u0131 , \u0130nsan Kaynaklar\u0131ndan Sorumlu Genel M\u00fcd\u00fcr Yard\u0131mc\u0131s\u0131  (CPCO \/Chief People and Culture Officer) g\u00f6revine Hande Yalg\u0131n  getirildi. Sevil Tanr\u0131da\u011fl\u0131, Ekonomi alan\u0131ndaki lisans e\u011fitimini 1995-1999 y\u0131llar\u0131nda Marmara \u00dcniversitesi’nde \u0130ngilizce Ekonomi  b\u00f6l\u00fcm\u00fcn\u00fc tamamlayarak profesyonel i\u015f ya\u015fam\u0131na Deloitte ’ta ba\u015flad\u0131. Sonras\u0131nda 15 y\u0131l\u0131 a\u015fk\u0131n s\u00fcre Mondelēz International ’da yurt i\u00e7i ve yurt d\u0131\u015f\u0131 olmak \u00fczere farkl\u0131 g\u00f6revlerle hazine ve finans operasyonlar\u0131n\u0131n y\u00f6netiminde yer ald\u0131. Tanr\u0131da\u011fl\u0131, Yemeksepeti’ne kat\u0131lmadan \u00f6nce son olarak Eczac\u0131ba\u015f\u0131 Vitra Karo ’da CFO g\u00f6revinde bulunuyordu. Hande Yalg\u0131n ise \u0130stanbul \u00dcniversitesi’nde \u00c7al\u0131\u015fma Ekonomisi ve End\u00fcstriyel \u0130li\u015fkiler  ile \u0130nsan Kaynaklar\u0131 Y\u00f6netimi alanlar\u0131nda \u00f6\u011frenim hayat\u0131n\u0131 tamamlad\u0131ktan sonra &nbsp;Co-Active Ko\u00e7luk e\u011fitimi ald\u0131 ve profesyonel kariyerine Avis  \u0130nsan Kaynaklar\u0131 departman\u0131nda ba\u015flad\u0131. Daha sonraki y\u0131llarda Arkas  Holding, Turkcell, Y\u0131ld\u0131z Holding ve Vodafone’da \u00e7e\u015fitli \u0130nsan Kaynaklar\u0131 liderlik rolleri \u00fcstlenen Yalg\u0131n; Logo Yaz\u0131l\u0131m, Modanisa  ve son olarak OTI Holding ’de  CHRO g\u00f6revinde bulunuyordu. \u00dcst y\u00f6netim ekibinin bir par\u00e7as\u0131 olarak Yemeksepeti CEO’suna ba\u011fl\u0131 olarak \u00e7al\u0131\u015facak olan Sevil Tanr\u0131da\u011fl\u0131 ile Hande Yalg\u0131n, 19 Eyl\u00fcl 2022 itibar\u0131yla yeni g\u00f6revlerine ba\u015flad\u0131. ","protected":false},"author":1,"featured_media":0,"parent":442,"menu_order":0,"comment_status":"open","ping_status":"closed","template":"","meta":{"_links_to":"https:\/\/www.kadindostumarkalar.org\/yazilar\/kariyer-basamaklari\/yemeksepetinde-yeni-cfo-ve-cpco-gorevine-basladi","_links_to_target":"https:\/\/www.kadindostumarkalar.org\/yazilar\/kariyer-basamaklari\/yemeksepetinde-yeni-cfo-ve-cpco-gorevine-basladi"},"_links":{"self":[{"href":"https:\/\/www.kadindostumarkalar.org\/yazilar\/kariyer-basamaklari\/yemeksepetinde-yeni-cfo-ve-cpco-gorevine-basladi"}],"collection":[{"href":"urlver"}],"about":[{"href":""}],"author":[{"embeddable":true,"href":"https:\/\/www.kadindostumarkalar.org\/yazilar\/kariyer-basamaklari\/yemeksepetinde-yeni-cfo-ve-cpco-gorevine-basladi"}],"replies":[{"embeddable":true,"href":"https:\/\/www.kadindostumarkalar.org\/yazilar\/kariyer-basamaklari\/yemeksepetinde-yeni-cfo-ve-cpco-gorevine-basladi"}],"version-history":[{"count":1294,"href":"https:\/\/www.kadindostumarkalar.org\/yazilar\/kariyer-basamaklari\/yemeksepetinde-yeni-cfo-ve-cpco-gorevine-basladi"}],"predecessor-version":[{"id":442,"href":"https:\/\/www.kadindostumarkalar.org\/yazilar\/kariyer-basamaklari\/yemeksepetinde-yeni-cfo-ve-cpco-gorevine-basladi"}],"up":[{"embeddable":true,"href":"https:\/\/www.kadindostumarkalar.org\/yazilar\/kariyer-basamaklari\/yemeksepetinde-yeni-cfo-ve-cpco-gorevine-basladi"}],"wp:attachment":[{"href":"https:\/\/www.kadindostumarkalar.org\/img\/blog\/yemeksepetinde-yeni-cfo-ve-cpco-gorevine-basladi-0-25725.jpg"}],"curies":[{"name":".Net","href":"https:\/\/api.w.org\/{rel}","templated":true}]}}