{"id":256,"date":"2021-05-09T00:00:00","date_gmt":"2021-05-09T00:00:00","guid":{"rendered":"https:\/\/www.kadindostumarkalar.org\/yazilar\/kadin-dostu-markalar-tv\/yesim-tekstil-kelebegin-dunyasi-ve-kadin-degisir-dunya-degisirprojeleriyle-kadin-dostu-markalar-2021-farkindalik-odulunun-sahibi-oldu"},"modified":"2022-06-02T04:09:25","modified_gmt":"2022-06-02T04:09:25","slug":"yesim-tekstil-kelebegin-dunyasi-ve-kadin-degisir-dunya-degisirprojeleriyle-kadin-dostu-markalar-2021-farkindalik-odulunun-sahibi-oldu","status":"publish","type":"page","link":"","title":{"rendered":"YE\u015e\u0130M TEKST\u0130L “KELEBE\u011e\u0130N D\u00dcNYASI” ve “KADIN DE\u011e\u0130\u015e\u0130R D\u00dcNYA DE\u011e\u0130\u015e\u0130R”PROJELER\u0130YLE KADIN DOSTU MARKALAR 2021 FARKINDALIK \u00d6D\u00dcL\u00dcN\u00dcN SAH\u0130B\u0130 OLDU"},"content":{"rendered":"Ye\u015fim Tekstil,  kad\u0131nlar\u0131n g\u00fc\u00e7lenmesi ad\u0131na hayata ge\u00e7irdi\u011fi “Kelebe\u011fin D\u00fcnyas\u0131”  ve “Kad\u0131n De\u011fi\u015fir D\u00fcnya De\u011fi\u015fir”  projeleriyle Kad\u0131n Dostu Markalar  2021 Fark\u0131ndal\u0131k  \u00d6d\u00fcl\u00fc&#8217;n\u00fcn sahibi oldu. \u00d6d\u00fcl\u00fc almak \u00fczere t\u00f6rene kat\u0131lan Ye\u015fim Tekstil  Kurumsal \u0130leti\u015fim Direkt\u00f6r\u00fc Sn. Dilek Cesur  yapt\u0131\u011f\u0131 konu\u015fmada, firman\u0131n kad\u0131n \u00e7al\u0131\u015fan, toplumsal cinsiyet e\u015fitli\u011fi ve f\u0131rsat e\u015fitli\u011fi  politikalar\u0131ndan bahsetti. Hayata ge\u00e7irdikleri birbirinden de\u011ferli ve say\u0131s\u0131z fark\u0131ndal\u0131k projesinin kendi \u015firketlerinden sonra il baz\u0131nda  uygulanmas\u0131n\u0131 dilediklerini ifade etti. ","protected":false},"author":1,"featured_media":0,"parent":256,"menu_order":0,"comment_status":"open","ping_status":"closed","template":"","meta":{"_links_to":"https:\/\/www.kadindostumarkalar.org\/yazilar\/kadin-dostu-markalar-tv\/yesim-tekstil-kelebegin-dunyasi-ve-kadin-degisir-dunya-degisirprojeleriyle-kadin-dostu-markalar-2021-farkindalik-odulunun-sahibi-oldu","_links_to_target":"https:\/\/www.kadindostumarkalar.org\/yazilar\/kadin-dostu-markalar-tv\/yesim-tekstil-kelebegin-dunyasi-ve-kadin-degisir-dunya-degisirprojeleriyle-kadin-dostu-markalar-2021-farkindalik-odulunun-sahibi-oldu"},"_links":{"self":[{"href":"https:\/\/www.kadindostumarkalar.org\/yazilar\/kadin-dostu-markalar-tv\/yesim-tekstil-kelebegin-dunyasi-ve-kadin-degisir-dunya-degisirprojeleriyle-kadin-dostu-markalar-2021-farkindalik-odulunun-sahibi-oldu"}],"collection":[{"href":"urlver"}],"about":[{"href":""}],"author":[{"embeddable":true,"href":"https:\/\/www.kadindostumarkalar.org\/yazilar\/kadin-dostu-markalar-tv\/yesim-tekstil-kelebegin-dunyasi-ve-kadin-degisir-dunya-degisirprojeleriyle-kadin-dostu-markalar-2021-farkindalik-odulunun-sahibi-oldu"}],"replies":[{"embeddable":true,"href":"https:\/\/www.kadindostumarkalar.org\/yazilar\/kadin-dostu-markalar-tv\/yesim-tekstil-kelebegin-dunyasi-ve-kadin-degisir-dunya-degisirprojeleriyle-kadin-dostu-markalar-2021-farkindalik-odulunun-sahibi-oldu"}],"version-history":[{"count":1427,"href":"https:\/\/www.kadindostumarkalar.org\/yazilar\/kadin-dostu-markalar-tv\/yesim-tekstil-kelebegin-dunyasi-ve-kadin-degisir-dunya-degisirprojeleriyle-kadin-dostu-markalar-2021-farkindalik-odulunun-sahibi-oldu"}],"predecessor-version":[{"id":256,"href":"https:\/\/www.kadindostumarkalar.org\/yazilar\/kadin-dostu-markalar-tv\/yesim-tekstil-kelebegin-dunyasi-ve-kadin-degisir-dunya-degisirprojeleriyle-kadin-dostu-markalar-2021-farkindalik-odulunun-sahibi-oldu"}],"up":[{"embeddable":true,"href":"https:\/\/www.kadindostumarkalar.org\/yazilar\/kadin-dostu-markalar-tv\/yesim-tekstil-kelebegin-dunyasi-ve-kadin-degisir-dunya-degisirprojeleriyle-kadin-dostu-markalar-2021-farkindalik-odulunun-sahibi-oldu"}],"wp:attachment":[{"href":"https:\/\/www.kadindostumarkalar.org\/img\/blog\/ekran-alintisi-yesim-tekstil.png"}],"curies":[{"name":".Net","href":"https:\/\/api.w.org\/{rel}","templated":true}]}}