{"id":164,"date":"2021-12-22T00:00:00","date_gmt":"2021-12-22T00:00:00","guid":{"rendered":"https:\/\/www.kadindostumarkalar.org\/yazilar\/vakif-dernek\/yonetim-kurullarina-daha-fazla-kadin-cagrisi"},"modified":"2022-06-02T00:24:06","modified_gmt":"2022-06-02T00:24:06","slug":"yonetim-kurullarina-daha-fazla-kadin-cagrisi","status":"publish","type":"page","link":"","title":{"rendered":"Y\u00d6NET\u0130M KURULLARINA DAHA FAZLA KADIN \u00c7A\u011eRISI"},"content":{"rendered":"T\u00fcrkiye’de y\u00f6netim kurullar\u0131nda daha fazla kad\u0131n\u0131n rol almas\u0131n\u0131 sa\u011flamak amac\u0131yla yola \u00e7\u0131kan ve \u00e7al\u0131\u015fmalar\u0131n\u0131 y\u00fcr\u00fcten Y\u00f6netim Kurulunda Kad\u0131n Derne\u011fi (YKKD) Mentorluk Program\u0131n\u0131n 5. d\u00f6nemi, Esma Sultan Yal\u0131s\u0131&#8217;ndaki lansmanla ba\u015flad\u0131.   Toplumsal cinsiyet e\u015fitsizli\u011fini  gidermek ve y\u00f6netim kurullar\u0131nda  daha fazla kad\u0131n\u0131n yer almas\u0131n\u0131 sa\u011flamak hedefiyle \u00e7al\u0131\u015fan YKKD , mentorluk program\u0131n\u0131 10 y\u0131ld\u0131r s\u00fcrd\u00fcr\u00fcyor. Derne\u011fin be\u015finci d\u00f6nem \u00e7al\u0131\u015fmalar\u0131na ba\u015flayaca\u011f\u0131 bu y\u0131l\u0131n lansman\u0131, 20 Aral\u0131k ak\u015fam\u0131 Esma Sultan Yal\u0131s\u0131 &#8216;nda T\u00fcrkiye’nin \u00f6nde gelen i\u015f liderlerinin kat\u0131l\u0131m\u0131yla ger\u00e7ekle\u015fti. YKKD Dan\u0131\u015fma Kurulu Ba\u015fkan\u0131 Murat \u00d6zye\u011fin , YKKD E\u015f Ba\u015fkanlar\u0131 Hande Ya\u015fargil  ve Bur\u00e7ak G\u00fcven ’in ev sahipli\u011finde ger\u00e7ekle\u015fen lansman toplant\u0131s\u0131nda mentor-menti e\u015fle\u015fmeleri a\u00e7\u0131kland\u0131. Y\u00f6netim Kurulunda Kad\u0131n  &#8220;\u015eirketler Aras\u0131 Mentorluk ve Ba\u011f\u0131ms\u0131z Y\u00f6netim Kurulu \u00dcyeli\u011fi Sertifika Program\u0131&#8221;n\u0131n be\u015finci d\u00f6neminde; 68 menti, 18 ay boyunca kendilerini y\u00f6netim kurullar\u0131nda g\u00f6reve haz\u0131rlayacak, iş d\u00fcnyas\u0131n\u0131n deneyimli isimleri olan mentorlar\u0131yla e\u015fle\u015fti. Programdan mezun toplam 195 lider kad\u0131n\u0131n 82’si son iki y\u0131lda; 43’\u00fc ba\u011f\u0131ms\u0131z, 52&#8217;si grup \u015firketi ve 59’u sivil toplum olmak \u00fczere toplam 155 adet y\u00f6netim kurulu koltu\u011funa atand\u0131. T\u00f6rende bu ba\u015far\u0131n\u0131n alt\u0131 \u00e7izildi ve i\u015f d\u00fcnyas\u0131na y\u00f6netim kurullar\u0131na daha fazla kad\u0131n y\u00f6netici  atanmas\u0131 \u00e7a\u011fr\u0131s\u0131 yenilendi. Etkinlikte, YKKD Mentoru, Akk\u00f6k Holding  \u0130cra Kurulu Ba\u015fkan\u0131 Ahmet D\u00f6rd\u00fcnc\u00fc ’ye kurumunun b\u00fcnyesindeki Y\u00f6netim Kurullar\u0131na ger\u00e7ekle\u015ftirdi\u011fi ve tavsiye etti\u011fi kad\u0131n YK \u00dcyesi atamalar\u0131 nedeniyle “alt\u0131n Mentor ” \u00f6d\u00fcl\u00fc verilirken, Do\u011fanlar Holding  Y\u00f6netim Kurulu Ba\u015fkan\u0131 Davut Do\u011fan ’a Do\u011fta\u015f Kelebek Mobilya  Grubu Y\u00f6netim Kuruluna atanan kad\u0131n YK \u00dcyeleri nedeniyle te\u015fekk\u00fcr plaketi takdim edildi. “Y\u00f6netim Kurulunda Kad\u0131n konusu liderlerin meselesidir!”  Y\u00f6netim Kurulunda Kad\u0131n Derne\u011fi’nin T\u00fcrkiye’de cinsiyet e\u015fitli\u011fi kavram\u0131n\u0131n yayg\u0131nla\u015fmas\u0131 a\u00e7\u0131s\u0131ndan \u00f6nc\u00fc bir misyon \u00fcstlendi\u011fini belirten YKKD Dan\u0131\u015fma Kurulu Ba\u015fkan\u0131 Murat \u00d6zye\u011fin , bu program\u0131 toplumsal e\u015fitlik, kapsay\u0131c\u0131l\u0131k, \u00e7e\u015fitlilik, s\u00fcrd\u00fcr\u00fclebilirlik  i\u00e7in yapt\u0131klar\u0131n\u0131 ve yapmaya da devam edeceklerini ifade etti. Ge\u00e7en y\u0131l dile getirdikleri \u00e7a\u011fr\u0131y\u0131 takiben son d\u00f6nemde Y\u00f6netim Kurullar\u0131na kad\u0131n atayan t\u00fcm kurumlar\u0131 ve liderlerini de kutlayan \u00d6zye\u011fin , “Ge\u00e7en d\u00f6nemin ba\u015flang\u0131c\u0131ndan bu yana 82 mezunumuz toplam 155 adet Y\u00f6netim Kurulu koltu\u011funa atand\u0131. 60 mentimiz ise pandemi d\u00f6neminde mezun oldu. Ancak gidecek daha \u00e7ok yolumuz var. Bu ba\u015far\u0131n\u0131n devam edebilmesi i\u00e7in mevcut \u015firketlerin mentilerine ba\u011f\u0131ms\u0131z \u00fcyelik i\u00e7in izin vermesi b\u00fcy\u00fck \u00f6nem ta\u015f\u0131yor. Y\u00f6netim kademesindeki cinsiyet e\u015fitsizli\u011fini gidermek bir kad\u0131n meselesi de\u011fil liderlik meselesidir. Dolay\u0131s\u0131yla, bizim meselemizdir” \u015feklinde konu\u015ftu. “Korkusuz k\u0131z heykellerimizi dikmeye devam edece\u011fiz&#8221;  YKKD Y\u00f6netim Kurulu Ba\u015fkan\u0131 Hande Ya\u015fargil  yapt\u0131\u011f\u0131 konu\u015fmada, Amerikan \u015firketlerine y\u00f6netim kurullar\u0131na daha \u00e7ok kad\u0131n atamalar\u0131n\u0131 hat\u0131rlatmak amac\u0131yla New York Borsas\u0131’n\u0131n kar\u015f\u0131s\u0131na konulan Kristen Visbal &#8216;\u0131n Korkusuz K\u0131z Heykeli &#8216;nin hikâyesinden bahsetti. Kad\u0131n ve erkek birlikte, dayan\u0131\u015fmayla yeniden in\u015fa edece\u011fimiz bir d\u00fcnyan\u0131n m\u00fcmk\u00fcn oldu\u011funa inand\u0131klar\u0131n\u0131 vurgulayan Ya\u015fargil  konu\u015fmas\u0131na \u015fu \u015fekilde devam etti: “Y\u00f6netim Kurulunda Kad\u0131n Derne\u011fi olarak \u00e7\u0131kt\u0131\u011f\u0131m\u0131z bu yolda kad\u0131nlar\u0131n tepe karar mercilerinde daha fazla rol almalar\u0131n\u0131 sa\u011flayarak, toplumsal cinsiyet e\u015fitli\u011fini i\u015f d\u00fcnyas\u0131n\u0131n en \u00fcst noktas\u0131na ta\u015f\u0131maya \u00e7al\u0131\u015f\u0131yoruz. YKKD olarak kararl\u0131y\u0131z, y\u00f6netim kurullar\u0131nda cinsiyet e\u015fitli\u011fi sa\u011flanana kadar ‘korkusuz k\u0131z heykelleri’mizi dikmeye devam edece\u011fiz.&#8221; “\u015eirketlerin tepe y\u00f6netimde e\u015fitli\u011fi g\u00f6rene kadar durmayaca\u011f\u0131z”  Y\u00f6netiminde ve kurullar\u0131nda daha \u00e7ok kad\u0131n  olan, k\u00fclt\u00fcr\u00fcnde \u00e7e\u015fitlik ve kapsay\u0131c\u0131l\u0131\u011f\u0131 benimsemi\u015f kurumlar\u0131n performanslar\u0131n\u0131n, yenilik\u00e7iliklerinin, etik yakla\u015f\u0131mlar\u0131n\u0131n, itibarlar\u0131n\u0131n ve de s\u00fcrd\u00fcr\u00fclebilirliklerinin daha iyi oldu\u011funa, t\u00fcm payda\u015flar\u0131na ve \u00fclkemize daha faydal\u0131 olacaklar\u0131n\u0131n ara\u015ft\u0131rmalarla netle\u015fti\u011fine dikkat \u00e7eken YKKD E\u015f Ba\u015fkan\u0131 Bur\u00e7ak G\u00fcven  son d\u00f6nemdeki atamalar\u0131n umut verici oldu\u011funu dile getirdi. YKKD&#8217;nin olu\u015fturdu\u011fu e\u011fitimli, sertifikal\u0131, g\u00fc\u00e7l\u00fc aday havuzunun kurumlar taraf\u0131ndan tercih edilmesinden gurur duyduklar\u0131n\u0131 ve her ge\u00e7en g\u00fcn bu \u00e7e\u015fitlili\u011fin yarataca\u011f\u0131 de\u011ferin daha iyi anla\u015f\u0131laca\u011f\u0131na kuvvetle inand\u0131klar\u0131n\u0131 ifade eden G\u00fcven, T\u00fcrkiye’nin ekonomisini \u015fekillendiren \u015firketlerin tepe y\u00f6netimlerinde e\u015fitli\u011fi g\u00f6rene kadar durmayacaklar\u0131n\u0131 s\u00f6zlerine ekledi. “Yeni d\u00fcnyan\u0131n yeni bir ak\u0131l setine ihtiyac\u0131 var”  Yeni d\u00fcnyan\u0131n yeni bir ak\u0131l setine ihtiyac\u0131 oldu\u011funu belirten YKKD Ba\u015fkan Yard\u0131mc\u0131s\u0131 Arzu Aslan Kesimer, m asan\u0131n etraf\u0131nda daha farkl\u0131 ve ezberleri bozan seslere ihtiya\u00e7 oldu\u011funu, bunun da ancak en tepe karar noktalar\u0131ndaki \u00e7e\u015fitlilikle olaca\u011f\u0131n\u0131 dile getirdi. Kad\u0131n ve erkek akl\u0131n\u0131n e\u015fit oranda temsiline eri\u015finceye kadar azimle \u00e7al\u0131\u015fmaya devam edeceklerini de belirterek s\u00f6zlerine son verdi. ","protected":false},"author":1,"featured_media":0,"parent":164,"menu_order":0,"comment_status":"open","ping_status":"closed","template":"","meta":{"_links_to":"https:\/\/www.kadindostumarkalar.org\/yazilar\/vakif-dernek\/yonetim-kurullarina-daha-fazla-kadin-cagrisi","_links_to_target":"https:\/\/www.kadindostumarkalar.org\/yazilar\/vakif-dernek\/yonetim-kurullarina-daha-fazla-kadin-cagrisi"},"_links":{"self":[{"href":"https:\/\/www.kadindostumarkalar.org\/yazilar\/vakif-dernek\/yonetim-kurullarina-daha-fazla-kadin-cagrisi"}],"collection":[{"href":"urlver"}],"about":[{"href":""}],"author":[{"embeddable":true,"href":"https:\/\/www.kadindostumarkalar.org\/yazilar\/vakif-dernek\/yonetim-kurullarina-daha-fazla-kadin-cagrisi"}],"replies":[{"embeddable":true,"href":"https:\/\/www.kadindostumarkalar.org\/yazilar\/vakif-dernek\/yonetim-kurullarina-daha-fazla-kadin-cagrisi"}],"version-history":[{"count":1216,"href":"https:\/\/www.kadindostumarkalar.org\/yazilar\/vakif-dernek\/yonetim-kurullarina-daha-fazla-kadin-cagrisi"}],"predecessor-version":[{"id":164,"href":"https:\/\/www.kadindostumarkalar.org\/yazilar\/vakif-dernek\/yonetim-kurullarina-daha-fazla-kadin-cagrisi"}],"up":[{"embeddable":true,"href":"https:\/\/www.kadindostumarkalar.org\/yazilar\/vakif-dernek\/yonetim-kurullarina-daha-fazla-kadin-cagrisi"}],"wp:attachment":[{"href":"https:\/\/www.kadindostumarkalar.org\/img\/blog\/ykkd-mentorluk-programi-5.jpg"}],"curies":[{"name":".Net","href":"https:\/\/api.w.org\/{rel}","templated":true}]}}