{"id":806,"date":"2024-10-01T23:50:59","date_gmt":"2024-10-01T23:50:59","guid":{"rendered":"https:\/\/www.kadindostumarkalar.org\/yazilar\/kariyer-basamaklari\/zeynep-yildiran"},"modified":"2024-10-01T23:50:59","modified_gmt":"2024-10-01T23:50:59","slug":"zeynep-yildiran","status":"publish","type":"page","link":"","title":{"rendered":"ZEYNEP YILDIRAN "},"content":{"rendered":"Zeynep Y\u0131ld\u0131ran, yeni d\u00f6nemde Aksigorta’n\u0131n Reas\u00fcrans Grup M\u00fcd\u00fcrl\u00fc\u011f\u00fc’ne getirildi. &nbsp; Sigortac\u0131l\u0131k  sekt\u00f6r\u00fcn\u00fcn  tecr\u00fcbeli isimlerinden Zeynep Y\u0131ld\u0131ran , Aksigorta  taraf\u0131ndan Reas\u00fcrans Grup M\u00fcd\u00fcrl\u00fc\u011f\u00fc g\u00f6revine getirildi. 16 Eyl\u00fcl 2024 tarihinde g\u00f6revine ba\u015flayan Y\u0131ld\u0131ran, yeni g\u00f6reviyle Aksigorta’n\u0131n reas\u00fcrans stratejisi ve faaliyetlerinden sorumlu olacak.&nbsp; \u0130stanbul \u00dcniversitesi  \u0130ktisadi, \u0130dari ve Sosyal Bilimler Fak\u00fcltesi mezunu Zeynep Y\u0131ld\u0131ran, 19 y\u0131ll\u0131k kariyerinde s\u0131ras\u0131yla Ergo Sigorta ’da Kurumsal Yang\u0131n Sigortalar\u0131 K\u0131demli Uzman\u0131, Generali Sigorta ’da Kurumsal Oto-D\u0131\u015f\u0131 Teknik ve Reas\u00fcrans M\u00fcd\u00fcr\u00fc, Sigortayeri ’nde Plasman ve Kurumsal Sat\u0131\u015f Direkt\u00f6r\u00fc, Aon Groep Nederland B.V. b\u00fcnyesindeki Aon Reinsurance Solutions’ta  \u0130htiyari Reas\u00fcrans Brokeri olarak g\u00f6rev ald\u0131. Son olarak ise Corpus Sigorta ’da Yang\u0131n ve Sorumluluktan sorumlu Genel M\u00fcd\u00fcr Yard\u0131mc\u0131s\u0131 g\u00f6revlerini y\u00fcr\u00fctt\u00fc. Y\u0131ld\u0131ran’\u0131n bundan b\u00f6yle sekt\u00f6rdeki geni\u015f deneyimi ve liderlik becerileri ile Aksigorta’n\u0131n stratejik hedeflerine ula\u015fmas\u0131nda \u00f6nemli katk\u0131lar sa\u011flamas\u0131 bekleniyor.  ","protected":false},"author":1,"featured_media":0,"parent":806,"menu_order":0,"comment_status":"open","ping_status":"closed","template":"","meta":{"_links_to":"https:\/\/www.kadindostumarkalar.org\/yazilar\/kariyer-basamaklari\/zeynep-yildiran","_links_to_target":"https:\/\/www.kadindostumarkalar.org\/yazilar\/kariyer-basamaklari\/zeynep-yildiran"},"_links":{"self":[{"href":"https:\/\/www.kadindostumarkalar.org\/yazilar\/kariyer-basamaklari\/zeynep-yildiran"}],"collection":[{"href":"urlver"}],"about":[{"href":""}],"author":[{"embeddable":true,"href":"https:\/\/www.kadindostumarkalar.org\/yazilar\/kariyer-basamaklari\/zeynep-yildiran"}],"replies":[{"embeddable":true,"href":"https:\/\/www.kadindostumarkalar.org\/yazilar\/kariyer-basamaklari\/zeynep-yildiran"}],"version-history":[{"count":825,"href":"https:\/\/www.kadindostumarkalar.org\/yazilar\/kariyer-basamaklari\/zeynep-yildiran"}],"predecessor-version":[{"id":806,"href":"https:\/\/www.kadindostumarkalar.org\/yazilar\/kariyer-basamaklari\/zeynep-yildiran"}],"up":[{"embeddable":true,"href":"https:\/\/www.kadindostumarkalar.org\/yazilar\/kariyer-basamaklari\/zeynep-yildiran"}],"wp:attachment":[{"href":"https:\/\/www.kadindostumarkalar.org\/img\/blog\/zeynep-yildiran-0-81669.jpg"}],"curies":[{"name":".Net","href":"https:\/\/api.w.org\/{rel}","templated":true}]}}