{"id":633,"date":"2023-11-09T13:48:46","date_gmt":"2023-11-09T13:48:46","guid":{"rendered":"https:\/\/www.kadindostumarkalar.org\/yazilar\/haberler\/2-isildayanlar-konferansi-gerceklesti"},"modified":"2023-11-09T13:49:17","modified_gmt":"2023-11-09T13:49:17","slug":"2-isildayanlar-konferansi-gerceklesti","status":"publish","type":"page","link":"","title":{"rendered":"2. I\u015eILDAYANLAR KONFERANSI GER\u00c7EKLE\u015eT\u0130"},"content":{"rendered":" \u0130kincisi ger\u00e7ekle\u015fen I\u015eILDAYANLAR Konferans\u0131, g\u00fc\u00e7l\u00fc bir d\u00f6n\u00fc\u015f\u00fcm platformu olarak toplumsal cinsiyet alan\u0131nda geli\u015fim ve b\u00f6ylece T\u00fcrkiye’nin ilerlemesi i\u00e7in yeni yollar ve ke\u015fiflere ev sahipli\u011fi yapt\u0131.   OGGUSTO  taraf\u0131ndan d\u00fczenlenen I\u015eILDAYANLAR Konferans\u0131, t\u00fcm d\u00fcnyada kritik bir mesele olmay\u0131 s\u00fcrd\u00fcren toplumsal cinsiyet e\u015fitli\u011fi  alan\u0131nda fark\u0131ndal\u0131k  yaratma misyonuyla bu y\u0131l ikinci kez d\u00fczenlendi. Zorlu PSM ’de ger\u00e7ekle\u015fen etkinlikte i\u015f, sanat, spor ve sivil toplum d\u00fcnyas\u0131n\u0131n \u00f6nde gelen kad\u0131n rol modelleri  daha iyi bir gelecek yaratman\u0131n yollar\u0131na dair g\u00f6r\u00fc\u015flerini ve deneyimlerini payla\u015ft\u0131.  Aralar\u0131nda oyuncu Demet Akba\u011f , kuzey kanal\u0131n\u0131 y\u00fczerek ge\u00e7en T\u00fcrkiye'nin ilk kad\u0131n y\u00fcz\u00fcc\u00fcs\u00fc Aysu T\u00fcrko\u011flu , sanat\u00e7\u0131 Karsu , yemek yazar\u0131 Refika Birg\u00fcl , milli sporcular Meryem Boz , Ay\u015fe Beg\u00fcm Onba\u015f\u0131  ve S\u00fcmeyye Boyac\u0131 , \u0130htiya\u00e7 Haritas\u0131 Kurucu Orta\u011f\u0131 Mert F\u0131rat , Denizbank  Y\u00f6netim Kurulu \u00dcyesi ve Genel M\u00fcd\u00fcr\u00fc Hakan Ate\u015f , Mastercard  Do\u011fu Avrupa B\u00f6lge Ba\u015fkan\u0131 Yasemin Bedir , L’oreal T\u00fcrkiye  L\u00fcks Divizyon Genel M\u00fcd\u00fcr\u00fc Ufuk Batur ’un da bulundu\u011fu ve her biri kendi alan\u0131nda \u00f6nc\u00fc olan 56 konu\u015fmac\u0131n\u0131n yer ald\u0131\u011f\u0131 konferans\u0131 Masters of Ceremony olarak Yekta Kopan  ve Burcu Hakyemez  y\u00f6netti. Konferansa 862 kat\u0131l\u0131mc\u0131 ilgi g\u00f6sterirken, ger\u00e7ekle\u015ftirilen canl\u0131 yay\u0131n\u0131 ise 16 bin 942 ki\u015fi  izledi.  I\u015eILDAYANLAR Konferans\u0131’n\u0131n onur konu\u011fu olarak kapan\u0131\u015f konu\u015fmas\u0131n\u0131 yapan Demet Akba\u011f’a  kad\u0131nlar\u0131n toplumsal ya\u015famdaki rol\u00fcn\u00fc sorgulatan ve bu alanda fark\u0131ndal\u0131k yaratan oyunculuklar sergileyerek, sanata oldu\u011fu kadar toplumsal cinsiyet alan\u0131na da sundu\u011fu katk\u0131lar dolay\u0131s\u0131yla \u00f6zel bir \u00f6d\u00fcl takdim edildi. Akba\u011f, konu\u015fmas\u0131nda ailesindeki g\u00fc\u00e7l\u00fc kad\u0131nlar ve sanat\u00e7\u0131 Y\u0131ld\u0131z Kenter  de dahil olmak \u00fczere kendisine rol-modeli olan isimleri ve mesle\u011finin d\u00f6n\u00fcm noktalar\u0131n\u0131 payla\u015ft\u0131 ve kendi ya\u015fam yolculu\u011funun da gen\u00e7 ku\u015fa\u011fa ilham olmas\u0131 ve onlar\u0131n da \u0131\u015f\u0131ldamas\u0131 temennisinde bulundu. I\u015eILDAYANLAR Konferans\u0131, G\u00fc\u00e7lenerek Yoluna Devam Ediyor  Konferans\u0131n misyonunu koruyarak ve g\u00fc\u00e7lenerek yoluna devam etti\u011fini belirten OGGUSTO Kurucusu \u00d6zlem G\u00fcsar ; toplumun yar\u0131s\u0131n\u0131 olu\u015fturan kad\u0131nlar\u0131n geride kald\u0131\u011f\u0131 bir \u00fclkenin ilerlemesinin m\u00fcmk\u00fcn olamayaca\u011f\u0131n\u0131 belirtti. Bu bilin\u00e7le \u0131\u015f\u0131ldayan kad\u0131nlar\u0131n di\u011ferlerine rol-modeli oldu\u011fu ve t\u00fcm kad\u0131nlar\u0131n g\u00fc\u00e7lenerek \u0131\u015f\u0131ldad\u0131\u011f\u0131 bir T\u00fcrkiye i\u00e7in iki y\u0131ld\u0131r aral\u0131ks\u0131z \u00e7al\u0131\u015ft\u0131klar\u0131n\u0131 aktaran G\u00fcsar, bu y\u0131lki hedeflerinin aras\u0131nda toplumsal cinsiyet alan\u0131nda daha b\u00fcy\u00fck bir etki ve d\u00f6n\u00fc\u015f\u00fcm yaratmak ve yeni \u00e7\u00f6z\u00fcm yollar\u0131n\u0131 ke\u015ffetmek oldu\u011funu ifade etti. Her biri kendi alan\u0131nda y\u0131ld\u0131zla\u015fm\u0131\u015f konu\u015fmac\u0131lar\u0131n bu kapsamda \u00f6nemli re\u00e7eteler verdiklerini de vurgulayan G\u00fcsar, “B\u00f6ylece g\u00fc\u00e7lenerek yolumuzda ilerleyece\u011fimize inanc\u0131m\u0131z tam. Ayn\u0131 zamanda gelecek y\u0131l ba\u011f\u0131ms\u0131z ve sayg\u0131n bir j\u00fcrinin y\u00f6netiminde I\u015eILDAYANLAR \u00d6d\u00fclleri’ni de hayata ge\u00e7irece\u011fiz. B\u00f6ylece toplumsal cinsiyet alan\u0131nda en iyi \u00f6rnekleri daha g\u00f6r\u00fcn\u00fcr k\u0131larken, yenilerinin yarat\u0131lmas\u0131 i\u00e7in de ‘Kutup Y\u0131ld\u0131z\u0131’ olaca\u011f\u0131z” dedi.  I\u015eILDAYANLAR’\u0131n etkisi dalga dalga yay\u0131l\u0131yor  Konferans\u0131n ard\u0131ndan sa\u011flanan g\u00fc\u00e7l\u00fc i\u015f birlikleri toplumsal, ekonomik ve \u00e7evresel bir de\u011fer yarat\u0131yor. Bu kapsamda I\u015eILDAYANLAR Konferans\u0131 ve Teknolojide Kad\u0131n Derne\u011fi i\u015f birli\u011fi ile toplumsal cinsiyet e\u015fitli\u011fini sa\u011flamak amac\u0131yla; 20 kad\u0131na, bir ay s\u00fcreyle, Robotik Otomasyon S\u00fcreci  ve Soft Skills  e\u011fitimleri organize edilecek ve dijital sertifika verilecek.  Ayn\u0131 zamanda sanat\u00e7\u0131 Mehmet Sinan Kuran  taraf\u0131ndan tasarlanan eserin e\u015farba d\u00f6n\u00fc\u015ft\u00fcr\u00fclmesi ve sat\u0131\u015f\u0131yla elde edilen gelir Yeniden Biz Vakf\u0131’na ba\u011f\u0131\u015flanacak. I\u015eILDAYANLAR Konferans\u0131 ayr\u0131ca ilk y\u0131l\u0131nda oldu\u011fu gibi bu y\u0131l da karbon n\u00f6tr  olarak ger\u00e7ekle\u015fecek ve belirlenen tutar, TEMA ’n\u0131n 100. Y\u0131l Cumhuriyet Orman\u0131’na ba\u011f\u0131\u015flanacak.  Konferans, b\u00fcy\u00fck bir g\u00fc\u00e7 birli\u011fi ile ger\u00e7ekle\u015fiyor  OGGUSTO liderli\u011finde d\u00fczenlenen I\u015eILDAYANLAR Konferans\u0131, kad\u0131nlar\u0131n s\u00fcrd\u00fcr\u00fclebilir geli\u015fimini misyon olarak benimseyen sivil toplum kurulu\u015flar\u0131n\u0131n stratejik ortakl\u0131\u011f\u0131nda ger\u00e7ekle\u015fiyor. T\u00fcrkiye Kad\u0131n Giri\u015fimciler Derne\u011fi (KAG\u0130DER), Teknolojide Kad\u0131n Derne\u011fi (Wtech), Yeniden Antakya Platformu, Yeniden i\u015fba\u015f\u0131 Yapan Kad\u0131nlar Platformu’nun (Yeniden Biz Vakf\u0131)  konferansa de\u011fer kat\u0131yor.  Jules Verne, \u00dcN\u0130TE Edelman, 360+ Media Interactive  ve Zenna ’n\u0131n \u00e7\u00f6z\u00fcm orta\u011f\u0131 olarak katk\u0131 sa\u011flad\u0131\u011f\u0131 konferans\u0131 toplumsal cinsiyet e\u015fitli\u011fi konusunu sahiplenen ve de\u011fer \u00fcreten markalar destekliyor.&nbsp; She’s Mercedes Platformu, Mastercard, Denizbank, Lancôme, Y\u0131ld\u0131z Entegre, Urban Care, Shell, We Are The Walkers, Kale Grubu, SuperFresh, Vestel, Lipozone, ArkSigner  konferansa katk\u0131 sunuyor. Bah\u00e7\u0131van, Ara Collection, Harem Chocolate, Jumbo  ve LifeClub  destekleyenler aras\u0131nda bulunuyor.  ","protected":false},"author":1,"featured_media":0,"parent":633,"menu_order":0,"comment_status":"open","ping_status":"closed","template":"","meta":{"_links_to":"https:\/\/www.kadindostumarkalar.org\/yazilar\/haberler\/2-isildayanlar-konferansi-gerceklesti","_links_to_target":"https:\/\/www.kadindostumarkalar.org\/yazilar\/haberler\/2-isildayanlar-konferansi-gerceklesti"},"_links":{"self":[{"href":"https:\/\/www.kadindostumarkalar.org\/yazilar\/haberler\/2-isildayanlar-konferansi-gerceklesti"}],"collection":[{"href":"urlver"}],"about":[{"href":""}],"author":[{"embeddable":true,"href":"https:\/\/www.kadindostumarkalar.org\/yazilar\/haberler\/2-isildayanlar-konferansi-gerceklesti"}],"replies":[{"embeddable":true,"href":"https:\/\/www.kadindostumarkalar.org\/yazilar\/haberler\/2-isildayanlar-konferansi-gerceklesti"}],"version-history":[{"count":1021,"href":"https:\/\/www.kadindostumarkalar.org\/yazilar\/haberler\/2-isildayanlar-konferansi-gerceklesti"}],"predecessor-version":[{"id":633,"href":"https:\/\/www.kadindostumarkalar.org\/yazilar\/haberler\/2-isildayanlar-konferansi-gerceklesti"}],"up":[{"embeddable":true,"href":"https:\/\/www.kadindostumarkalar.org\/yazilar\/haberler\/2-isildayanlar-konferansi-gerceklesti"}],"wp:attachment":[{"href":"https:\/\/www.kadindostumarkalar.org\/img\/blog\/kapak-3.jpg-84421.jpg"}],"curies":[{"name":".Net","href":"https:\/\/api.w.org\/{rel}","templated":true}]}}