{"id":1107,"date":"2025-04-16T15:21:49","date_gmt":"2025-04-16T15:21:49","guid":{"rendered":"https:\/\/www.kadindostumarkalar.org\/yazilar\/kariyer-basamaklari\/aysegul-ozoral-schneider-electric-te-pazarlama-ve-iletisim-direktoru-oldu"},"modified":"2025-04-16T15:21:49","modified_gmt":"2025-04-16T15:21:49","slug":"aysegul-ozoral-schneider-electric-te-pazarlama-ve-iletisim-direktoru-oldu","status":"publish","type":"page","link":"","title":{"rendered":"Ay\u015feg\u00fcl \u00d6zoral, Schneider Electric’te Pazarlama ve \u0130leti\u015fim Direkt\u00f6r\u00fc Oldu"},"content":{"rendered":"Ay\u015feg\u00fcl \u00d6zoral;&nbsp;Schneider Electric T\u00fcrkiye ve Orta Asya B\u00f6lgesi Pazarlama ve \u0130leti\u015fim Direkt\u00f6r\u00fc olarak atand\u0131.    Enerji y\u00f6netimi ve otomasyonunun dijital d\u00f6n\u00fc\u015f\u00fcm\u00fc alan\u0131nda d\u00fcnya genelinde faaliyet g\u00f6steren Schneider Electric;  T\u00fcrkiye ve Orta Asya B\u00f6lge Pazarlama ve \u0130leti\u015fim Direkt\u00f6r\u00fc olarak Ay\u015feg\u00fcl \u00d6zoral ’\u0131n atand\u0131\u011f\u0131n\u0131 duyurdu. Nisan 2025 itibar\u0131yla Schneider Electric’e kat\u0131lan ve yeni g\u00f6revine ba\u015flayan \u00d6zoral, \u015firketin b\u00f6lgedeki pazarlama ve ileti\u015fim faaliyetlerinden sorumlu olacak. Profesyonel kariyerine Unilever ’de ba\u015flayan Ay\u015feg\u00fcl \u00d6zoral, ard\u0131ndan The Coca-Cola Company  ve 3M  gibi global \u015firketlerde yerel ve b\u00f6lgesel d\u00fczeyde pazarlama ve ileti\u015fim alanlar\u0131nda roller \u00fcstlendi. Ko\u00e7 \u00dcniversitesi  \u0130\u015fletme B\u00f6l\u00fcm\u00fc mezunu olan \u00d6zoral’\u0131n uzmanl\u0131k alanlar\u0131 aras\u0131nda Marka ve \u00dcr\u00fcn Y\u00f6netimi, Entegre Pazarlama \u0130leti\u015fimi, Kurumsal \u0130leti\u015fim ile Kriz ve De\u011fi\u015fim Y\u00f6netimi yer al\u0131yor. ","protected":false},"author":1,"featured_media":0,"parent":1107,"menu_order":0,"comment_status":"open","ping_status":"closed","template":"","meta":{"_links_to":"https:\/\/www.kadindostumarkalar.org\/yazilar\/kariyer-basamaklari\/aysegul-ozoral-schneider-electric-te-pazarlama-ve-iletisim-direktoru-oldu","_links_to_target":"https:\/\/www.kadindostumarkalar.org\/yazilar\/kariyer-basamaklari\/aysegul-ozoral-schneider-electric-te-pazarlama-ve-iletisim-direktoru-oldu"},"_links":{"self":[{"href":"https:\/\/www.kadindostumarkalar.org\/yazilar\/kariyer-basamaklari\/aysegul-ozoral-schneider-electric-te-pazarlama-ve-iletisim-direktoru-oldu"}],"collection":[{"href":"urlver"}],"about":[{"href":""}],"author":[{"embeddable":true,"href":"https:\/\/www.kadindostumarkalar.org\/yazilar\/kariyer-basamaklari\/aysegul-ozoral-schneider-electric-te-pazarlama-ve-iletisim-direktoru-oldu"}],"replies":[{"embeddable":true,"href":"https:\/\/www.kadindostumarkalar.org\/yazilar\/kariyer-basamaklari\/aysegul-ozoral-schneider-electric-te-pazarlama-ve-iletisim-direktoru-oldu"}],"version-history":[{"count":914,"href":"https:\/\/www.kadindostumarkalar.org\/yazilar\/kariyer-basamaklari\/aysegul-ozoral-schneider-electric-te-pazarlama-ve-iletisim-direktoru-oldu"}],"predecessor-version":[{"id":1107,"href":"https:\/\/www.kadindostumarkalar.org\/yazilar\/kariyer-basamaklari\/aysegul-ozoral-schneider-electric-te-pazarlama-ve-iletisim-direktoru-oldu"}],"up":[{"embeddable":true,"href":"https:\/\/www.kadindostumarkalar.org\/yazilar\/kariyer-basamaklari\/aysegul-ozoral-schneider-electric-te-pazarlama-ve-iletisim-direktoru-oldu"}],"wp:attachment":[{"href":"https:\/\/www.kadindostumarkalar.org\/img\/blog\/aysegul-ozoral-schneider-electric-te-pazarlama-ve-iletisim-direktoru-oldu-0-54633.jpg"}],"curies":[{"name":".Net","href":"https:\/\/api.w.org\/{rel}","templated":true}]}}