{"id":303,"date":"2022-03-19T00:00:00","date_gmt":"2022-03-19T00:00:00","guid":{"rendered":"https:\/\/www.kadindostumarkalar.org\/yazilar\/iklimlendirme\/boschtermoteknolojiden-yesil-yasam-kahramanlari-projesi"},"modified":"2022-06-06T12:59:31","modified_gmt":"2022-06-06T12:59:31","slug":"boschtermoteknolojiden-yesil-yasam-kahramanlari-projesi","status":"publish","type":"page","link":"","title":{"rendered":"BOSCHTERMOTEKNOLOJ\u0130’DEN, &#8220;YE\u015e\u0130L YA\u015eAM KAHRAMANLARI&#8221; PROJES\u0130"},"content":{"rendered":"Toplumsal cinsiyet e\u015fitli\u011fine \u00f6nem veren ve kad\u0131nlar\u0131n e\u015fit ko\u015fullarda \u00fcretim s\u00fcre\u00e7lerine kat\u0131lmalar\u0131n\u0131n ekonomik ve sosyal ya\u015fam\u0131n s\u00fcrd\u00fcr\u00fclebilirli\u011fi a\u00e7\u0131s\u0131ndan bir gereklilik oldu\u011funa inanan, BoschTermoteknoloji, kad\u0131n teknisyen say\u0131s\u0131n\u0131 artt\u0131rmak amac\u0131yla yeni bir fark\u0131ndal\u0131k projesini hayata ge\u00e7iriyor. “Ye\u015fil Ya\u015fam Kahramanlar\u0131” ad\u0131n\u0131 verdi\u011fi proje ile hem kad\u0131n istihdam\u0131n\u0131 desteklemeyi hem de servis kalitesini daha da y\u00fckseltmeyi hedefliyor.  \u0130klimlendirme sekt\u00f6r\u00fcn\u00fcn \u00f6nc\u00fc markalar\u0131ndan BoschTermoteknoloji, 8 Mart D\u00fcnya Kad\u0131nlar G\u00fcn\u00fc’nde ba\u015flatt\u0131\u011f\u0131 ‘Ye\u015fil Ya\u015fam Kahramanlar\u0131’  projesiyle sekt\u00f6r\u00fcnde ‘erkek i\u015fi’ olarak bilinen servis teknisyenlik mesle\u011fine kendi e\u011fitim s\u00fcre\u00e7lerinden ge\u00e7irece\u011fi kad\u0131n i\u015fg\u00fcc\u00fc n\u00fc kazand\u0131rmay\u0131 hedefliyor. Bu proje ile kendisi i\u00e7in \u00e7ok \u00f6nemli olan ve y\u0131llard\u0131r yat\u0131r\u0131m yapt\u0131\u011f\u0131 sekt\u00f6r\u00fcn geli\u015fimini bir ad\u0131m \u00f6teye ta\u015f\u0131yacak olan BoschTermoteknoloji, toplumsal cinsiyet e\u015fitli\u011fi ne verdi\u011fi \u00f6nem do\u011frultusunda ekonomik ve sosyal ya\u015fam\u0131n s\u00fcrd\u00fcr\u00fclebilirli\u011fi  a\u00e7\u0131s\u0131ndan kad\u0131nlar\u0131n e\u015fit ko\u015fullarda \u00fcretim s\u00fcre\u00e7lerine kat\u0131lmalar\u0131na da destek vermeye devam edecek.  BoschTermoteknoloji T\u00fcrkiye, Ortado\u011fu ve Kafkasya Sat\u0131\u015f Genel M\u00fcd\u00fcr\u00fc K\u0131van\u00e7 Arman,  m\u00fc\u015fteri yolcu\u011funu m\u00fckemmelle\u015ftirmek i\u00e7in yapt\u0131klar\u0131 projelerden biri olan ve kad\u0131n teknisyen say\u0131lar\u0131n\u0131 art\u0131rarak servis kalitesini daha da y\u00fckseltmeyi hedefledikleri Ye\u015fil Ya\u015fam Kahramanlar\u0131 projesine, 2022 y\u0131l\u0131nda ba\u015flamaktan dolay\u0131 \u00e7ok gururlu olduklar\u0131n\u0131 ifade etti. ","protected":false},"author":1,"featured_media":0,"parent":303,"menu_order":0,"comment_status":"open","ping_status":"closed","template":"","meta":{"_links_to":"https:\/\/www.kadindostumarkalar.org\/yazilar\/iklimlendirme\/boschtermoteknolojiden-yesil-yasam-kahramanlari-projesi","_links_to_target":"https:\/\/www.kadindostumarkalar.org\/yazilar\/iklimlendirme\/boschtermoteknolojiden-yesil-yasam-kahramanlari-projesi"},"_links":{"self":[{"href":"https:\/\/www.kadindostumarkalar.org\/yazilar\/iklimlendirme\/boschtermoteknolojiden-yesil-yasam-kahramanlari-projesi"}],"collection":[{"href":"urlver"}],"about":[{"href":""}],"author":[{"embeddable":true,"href":"https:\/\/www.kadindostumarkalar.org\/yazilar\/iklimlendirme\/boschtermoteknolojiden-yesil-yasam-kahramanlari-projesi"}],"replies":[{"embeddable":true,"href":"https:\/\/www.kadindostumarkalar.org\/yazilar\/iklimlendirme\/boschtermoteknolojiden-yesil-yasam-kahramanlari-projesi"}],"version-history":[{"count":941,"href":"https:\/\/www.kadindostumarkalar.org\/yazilar\/iklimlendirme\/boschtermoteknolojiden-yesil-yasam-kahramanlari-projesi"}],"predecessor-version":[{"id":303,"href":"https:\/\/www.kadindostumarkalar.org\/yazilar\/iklimlendirme\/boschtermoteknolojiden-yesil-yasam-kahramanlari-projesi"}],"up":[{"embeddable":true,"href":"https:\/\/www.kadindostumarkalar.org\/yazilar\/iklimlendirme\/boschtermoteknolojiden-yesil-yasam-kahramanlari-projesi"}],"wp:attachment":[{"href":"https:\/\/www.kadindostumarkalar.org\/img\/blog\/bosch-yesil-yasam-kahramanlari-scaled.jpg"}],"curies":[{"name":".Net","href":"https:\/\/api.w.org\/{rel}","templated":true}]}}