{"id":155,"date":"2022-01-31T00:00:00","date_gmt":"2022-01-31T00:00:00","guid":{"rendered":"https:\/\/www.kadindostumarkalar.org\/yazilar\/ulasim-lojistik\/cag-logistics-weps-imzacisi-oldu"},"modified":"2022-05-31T10:37:30","modified_gmt":"2022-05-31T10:37:30","slug":"cag-logistics-weps-imzacisi-oldu","status":"publish","type":"page","link":"","title":{"rendered":"CAG LOGISTICS, WEPs \u0130MZACISI OLDU"},"content":{"rendered":"CAG Logistics, Birle\u015fmi\u015f Milletler Kad\u0131n\u0131n G\u00fc\u00e7lenmesi Prensipleri (Women&#8217;s Empowerment Principles &#8211; WEPs) imzac\u0131s\u0131 oldu.  Soycan \u015eirketler Grubu ’nun lojistik ve tedarik zinciri alan\u0131nda faaliyet g\u00f6steren \u00fcyesi CAG Logistics , Birle\u015fmi\u015f Milletler K\u00fcresel \u0130lkeler S\u00f6zle\u015fmesi (UN Global Compact ) ile Birle\u015fmi\u015f Milletler Toplumsal Cinsiyet E\u015fitli\u011fi  ve Kad\u0131nlar\u0131n G\u00fc\u00e7lendirilmesi Birimi &#8216;nin (UN Women ) i\u015f birli\u011finde kurulan Kad\u0131n\u0131n G\u00fc\u00e7lenmesi  Prensipleri &#8216;ne imza att\u0131. Bu imza ile T\u00fcrkiye’nin ta\u015f\u0131mac\u0131l\u0131k  ve lojistik  sekt\u00f6r\u00fc nde WEPs  imzac\u0131s\u0131 olan ilk 10 \u015firket aras\u0131na giren CAG Logistics, s\u00f6zle\u015fme i\u00e7inde yer alan “toplumsal cinsiyet e\u015fitli\u011fi i\u00e7in \u00fcst d\u00fczey kurumsal liderlik sa\u011flanmas\u0131, t\u00fcm kad\u0131n ve erkeklere i\u015f ya\u015fam\u0131nda adil davran\u0131lmas\u0131, insan haklar\u0131na ve ayr\u0131m yapmama ilkesine sayg\u0131 g\u00f6sterilmesi, bu ilkelerin desteklenmesi; t\u00fcm kad\u0131n ve erkek \u00e7al\u0131\u015fanlar\u0131n sa\u011fl\u0131k, g\u00fcvenlik ve refah\u0131n\u0131n sa\u011flanmas\u0131, kad\u0131nlar\u0131n e\u011fitim, kurs ve profesyonel geli\u015fim olanaklar\u0131n\u0131n desteklenmesi, kad\u0131nlar\u0131n g\u00fc\u00e7lenmesi i\u00e7in giri\u015fimci geli\u015fimi, tedarik zinciri ve pazarlama y\u00f6ntemlerinin uygulanmas\u0131, toplumsal giri\u015fimler ve savunuculuk \u00e7al\u0131\u015fmalar\u0131yla e\u015fitli\u011fin te\u015fvik edilmesi, toplumsal cinsiyet e\u015fitli\u011fine ili\u015fkin elde edilen ba\u015far\u0131lar\u0131n de\u011ferlendirilmesi ve halka a\u00e7\u0131k raporlanmas\u0131 ba\u015fl\u0131klar\u0131ndan olu\u015fan yedi prensibe ba\u011fl\u0131 kalaca\u011f\u0131n\u0131 ve bu do\u011frultuda bir \u015firket politikas\u0131 g\u00fcdece\u011fini tescillemi\u015f oldu. “Kad\u0131nlar\u0131m\u0131za ve toplumumuza olan bir g\u00f6revimizi daha yerine getirdik”  Grup olarak T\u00fcrkiye’nin her a\u00e7\u0131dan kalk\u0131nmas\u0131 ad\u0131na s\u00fcrd\u00fcr\u00fclebilir ad\u0131mlar att\u0131klar\u0131n\u0131 belirten Soycan \u015eirketler Grubu ve CAG Logistics Y\u00f6netim Kurulu Ba\u015fkan\u0131 Y\u0131lmaz Soycan,  bu bilin\u00e7ten hareketle grup \u015firketlerinde f\u0131rsat e\u015fitli\u011fi  k\u00fclt\u00fcr\u00fcn\u00fc daha g\u00fc\u00e7l\u00fc ve daha kal\u0131c\u0131 bir yap\u0131ya d\u00f6n\u00fc\u015ft\u00fcrmek i\u00e7in var g\u00fc\u00e7leriyle \u00e7al\u0131\u015facaklar\u0131n\u0131 dile getirdi. Toplumun daha adil ve istikrarl\u0131 bir yap\u0131ya kavu\u015fmas\u0131 ve T\u00fcrkiye&#8217;nin her alanda s\u00fcrd\u00fcr\u00fclebilir  b\u00fcy\u00fcmesine katk\u0131 sa\u011flama d\u00fc\u015f\u00fcncesini t\u00fcm faaliyetlerinin odak noktas\u0131nda tuttuklar\u0131n\u0131 vurgulayan Soycan, “Hizmetlerimizi s\u00fcrekli geli\u015ftirdi\u011fimiz gibi faaliyet g\u00f6sterdi\u011fimiz sekt\u00f6rlerde cinsiyet e\u015fitli\u011finin sa\u011flanmas\u0131 ve kurum i\u00e7i cinsiyet e\u015fitli\u011fi politikalar\u0131n\u0131n uygulanmas\u0131n\u0131 kendimize misyon ediniyoruz” dedi. T\u00fcm bu ad\u0131mlar\u0131n yan\u0131 s\u0131ra Kad\u0131n\u0131n G\u00fc\u00e7lenmesi Prensipleri&#8217;ni de kabul ederek kad\u0131nlara ve topluma olan bir g\u00f6revi daha yerine getirdiklerinin de alt\u0131n\u0131 \u00e7izen Soycan, bundan sonra da kad\u0131nlar\u0131n hem toplumsal hayatta hem de i\u015f hayat\u0131nda daha geni\u015f \u00e7apta ve daha etkin rollerde yer almas\u0131 i\u00e7in cinsiyet e\u015fitli\u011fi konusunda fark\u0131ndal\u0131k  sa\u011flayacak \u00e7al\u0131\u015fmalara devam edeceklerini ifade etti. “Sekt\u00f6rde WEPs imzac\u0131s\u0131 olan ilk 10 \u015firket aras\u0131na girmekten gururlu ve mutluyuz”  CAG Logistics \u00e7al\u0131\u015fanlar\u0131n\u0131n y\u00fczde 50’sinden fazlas\u0131n\u0131n kad\u0131nlardan olu\u015ftu\u011funu ve \u00f6zellikle lojistik alan\u0131nda kad\u0131n istihdam\u0131  ve y\u00f6netiminin \u00e7ok \u00f6nemli oldu\u011funu belirten Soycan , \u00e7e\u015fitli raporlara g\u00f6re kad\u0131nlar\u0131n, k\u00fcresel tedarik zincirlerinde ve lojistikte t\u00fcm sekt\u00f6rlerde \u00fcst d\u00fczey y\u00f6netici pozisyonlar\u0131n\u0131n y\u00fczde 20&#8217;sinden az\u0131n\u0131 temsil etti\u011fini kaydetti. T\u00fcrkiye’de bu oran\u0131n daha d\u00fc\u015f\u00fck oldu\u011funa inand\u0131\u011f\u0131n\u0131 s\u00f6yleyen Soycan, bu imza ile erkek egemen olarak g\u00f6r\u00fclen sekt\u00f6rde kad\u0131nlar\u0131n daha fazla temsil edilmesine, \u00fcst y\u00f6netimde ve kritik noktalarda daha fazla kad\u0131n\u0131n g\u00f6rev almas\u0131na ve f\u0131rsat e\u015fitli\u011finin sa\u011flanmas\u0131na liderlik etmeyi sorumluluk olarak g\u00f6rd\u00fcklerini dile getirdi. Soycan, T\u00fcrkiye’nin ta\u015f\u0131mac\u0131l\u0131k ve lojistik sekt\u00f6r\u00fcnde WEPs imzac\u0131s\u0131 olan ilk 10 \u015firket aras\u0131nda olmaktan gurur ve mutluluk duyduklar\u0131n\u0131 da s\u00f6zlerine ekledi. “Cam tavanlar\u0131n a\u015f\u0131lmas\u0131na destek olmak t\u00fcm lojistik sekt\u00f6r\u00fcn\u00fcn g\u00f6revi”  Soycan \u015eirketler Grubu’nun kurum k\u00fclt\u00fcr\u00fcnde, y\u00f6netim anlay\u0131\u015f\u0131nda ve vizyonunda topluma \u00f6rnek te\u015fkil edecek stratejiler yer ald\u0131\u011f\u0131n\u0131n da alt\u0131n\u0131 \u00e7izen Soycan,  “Kad\u0131nlar\u0131n i\u015f hayat\u0131nda ve toplumda temsilinin g\u00fc\u00e7lendirilmesi i\u00e7in t\u00fcm Soycan \u015eirketler Grubu i\u015ftiraklerinde cinsiyet ve f\u0131rsat e\u015fitli\u011fini benimsediklerini dile getirdi. Genel m\u00fcd\u00fcr\u00fc de kad\u0131n olan \u015firketin \u00fcst ve orta kademelerde \u00e7al\u0131\u015fan kad\u0131n oran\u0131n\u0131n da y\u00fczde 50’nin \u00fczerinde oldu\u011funa dikkat \u00e7eken Soycan, bu anlay\u0131\u015fla kad\u0131nlar\u0131n yaln\u0131zca cinsiyetlerinden \u00f6t\u00fcr\u00fc \u00f6zellikle de mask\u00fclen olarak g\u00f6r\u00fclen lojistik, otomotiv, in\u015faat  gibi sekt\u00f6rlerde kar\u015f\u0131la\u015ft\u0131\u011f\u0131 cam tavan lar\u0131n a\u015f\u0131lmas\u0131na destek olarak faaliyet g\u00f6sterdikleri sekt\u00f6rde \u00f6rnek te\u015fkil etiklerini ifade etti. Soycan, “Daha adil ve istikrarl\u0131 bir d\u00fcnya i\u00e7in oldu\u011fu kadar sekt\u00f6r\u00fcm\u00fcz\u00fcn b\u00fcy\u00fcmesi i\u00e7in de sekt\u00f6rdeki t\u00fcm oyunculara, kad\u0131nlar\u0131n sekt\u00f6rde daha fazla yer edinmesi gerekti\u011fi \u00e7a\u011fr\u0131s\u0131nda bulunuyoruz” \u015feklinde konu\u015ftu. ","protected":false},"author":1,"featured_media":0,"parent":155,"menu_order":0,"comment_status":"open","ping_status":"closed","template":"","meta":{"_links_to":"https:\/\/www.kadindostumarkalar.org\/yazilar\/ulasim-lojistik\/cag-logistics-weps-imzacisi-oldu","_links_to_target":"https:\/\/www.kadindostumarkalar.org\/yazilar\/ulasim-lojistik\/cag-logistics-weps-imzacisi-oldu"},"_links":{"self":[{"href":"https:\/\/www.kadindostumarkalar.org\/yazilar\/ulasim-lojistik\/cag-logistics-weps-imzacisi-oldu"}],"collection":[{"href":"urlver"}],"about":[{"href":""}],"author":[{"embeddable":true,"href":"https:\/\/www.kadindostumarkalar.org\/yazilar\/ulasim-lojistik\/cag-logistics-weps-imzacisi-oldu"}],"replies":[{"embeddable":true,"href":"https:\/\/www.kadindostumarkalar.org\/yazilar\/ulasim-lojistik\/cag-logistics-weps-imzacisi-oldu"}],"version-history":[{"count":867,"href":"https:\/\/www.kadindostumarkalar.org\/yazilar\/ulasim-lojistik\/cag-logistics-weps-imzacisi-oldu"}],"predecessor-version":[{"id":155,"href":"https:\/\/www.kadindostumarkalar.org\/yazilar\/ulasim-lojistik\/cag-logistics-weps-imzacisi-oldu"}],"up":[{"embeddable":true,"href":"https:\/\/www.kadindostumarkalar.org\/yazilar\/ulasim-lojistik\/cag-logistics-weps-imzacisi-oldu"}],"wp:attachment":[{"href":"https:\/\/www.kadindostumarkalar.org\/img\/blog\/cag-logistics-weps.png"}],"curies":[{"name":".Net","href":"https:\/\/api.w.org\/{rel}","templated":true}]}}