{"id":340,"date":"2021-12-01T00:00:00","date_gmt":"2021-12-01T00:00:00","guid":{"rendered":"https:\/\/www.kadindostumarkalar.org\/yazilar\/genel\/cargillturkiye-yonetim-kurulunda-kadin-yonetici-orani-yuzde-50ye-cikti"},"modified":"2022-06-06T13:23:30","modified_gmt":"2022-06-06T13:23:30","slug":"cargillturkiye-yonetim-kurulunda-kadin-yonetici-orani-yuzde-50ye-cikti","status":"publish","type":"page","link":"","title":{"rendered":"CARG\u0130LLT\u00dcRK\u0130YE Y\u00d6NET\u0130M KURULU’NDA KADIN Y\u00d6NET\u0130C\u0130 ORANI Y\u00dcZDE 50’YE \u00c7IKTI"},"content":{"rendered":"Biyo-end\u00fcstriyel ve hayvan besleme sekt\u00f6rlerine \u00e7e\u015fitli girdi ve ara mamul \u00fcreten toplam d\u00f6rt fabrikas\u0131 bulunan  CargillT\u00fcrkiye , \u00fcst d\u00fczey y\u00f6netimde, cinsiyet e\u015fitli\u011fine dair verdi\u011fi  taahh\u00fcd\u00fc  yerine getiren bir de\u011fi\u015fiklik yapt\u0131. Cargill G\u0131da Orta Do\u011fu, T\u00fcrkiye ve Kuzey Afrika (METNA) End\u00fcstriyel \u00dcr\u00fcnler B\u00f6lge Direkt\u00f6rl\u00fc\u011f\u00fc g\u00f6revine Ece D\u00f6ker getirildi.  Cargill ’in Orta Do\u011fu, T\u00fcrkiye, Afrika ve Hindistan b\u00f6lgesindeki operasyonlar\u0131n\u0131n y\u00f6netim merkezi olan Cargill T\u00fcrkiye ’de, \u00fcst d\u00fczey bir atama ger\u00e7ekle\u015fti. Cargill G\u0131da Orta Do\u011fu, T\u00fcrkiye ve Kuzey Afrika (METNA) End\u00fcstriyel \u00dcr\u00fcnler B\u00f6lge Direkt\u00f6rl\u00fc\u011f\u00fc g\u00f6revine Ece D\u00f6ker getirildi. Cargill G\u0131da METNA  End\u00fcstriyel \u00dcr\u00fcnler B\u00f6lge Direkt\u00f6r\u00fc ve T\u00fcrkiye Genel M\u00fcd\u00fcr\u00fc olan Ramadan K\u00fc\u00e7\u00fck ise Performans Kimyasallar\u0131 Global Kategori Liderli\u011fine atand\u0131. Cargill’in s\u00fcrd\u00fcr\u00fclebilir ve bitkisel bazl\u0131 biyo-end\u00fcstriyel \u00fcr\u00fcn portf\u00f6y\u00fc ile b\u00f6lgede b\u00fcy\u00fcme hedeflerine liderlik edecek olan Ece D\u00f6ker , ayn\u0131 zamanda Cargill G\u0131da Orta Do\u011fu, T\u00fcrkiye ve Afrika (META) Y\u00f6netim Kurulu \u00dcyesi oldu. Bu geli\u015fmeyle birlikte y\u00f6netim kurulundaki kad\u0131n y\u00f6netici  oran\u0131 y\u00fczde 50’ye \u00e7\u0131kt\u0131. 2030 y\u0131l\u0131na kadar lider pozisyonlar\u0131nda cinsiyet e\u015fitli\u011fi  sa\u011flamay\u0131 hedefleyen Cargill, globalde kad\u0131n y\u00f6netici  oran\u0131n\u0131 y\u00fczde 50’ye \u00e7\u0131karma taahh\u00fcd\u00fcn\u00fc T\u00fcrkiye’de ger\u00e7ekle\u015ftirmi\u015f oldu. 2016 y\u0131l\u0131ndan bu yana Cargill T\u00fcrkiye’nin biyo-end\u00fcstriyel  i\u015f kolunda g\u00f6rev alan D\u00f6ker, s\u0131ras\u0131yla METNA End\u00fcstriyel Ya\u011flar Ticari M\u00fcd\u00fcrl\u00fc\u011f\u00fcve halen s\u00fcrd\u00fcrmekte oldu\u011fu CBI Global Zirai, G\u0131da ve Yem \u00dcr\u00fcn M\u00fcd\u00fcrl\u00fc\u011f\u00fc g\u00f6revlerine ek olarak, METNA End\u00fcstriyel \u00dcr\u00fcnler B\u00f6lge Direkt\u00f6rl\u00fc\u011f\u00fc g\u00f6revini y\u00fcr\u00fctecek. D\u00f6ker, Cargill’in yenilenebilir kaynaklarla elde edilen, s\u00fcrd\u00fcr\u00fclebilir, d\u00fc\u015f\u00fck karbonlu ve bitkisel bazl\u0131 biyo-end\u00fcstriyel \u00fcr\u00fcnler geli\u015ftiren i\u015f biriminin, METNA  b\u00f6lgesindeki b\u00fcy\u00fcme hedeflerinin ger\u00e7ekle\u015ftirilmesine liderlik edecek. 1998 y\u0131l\u0131nda Orta Do\u011fu Teknik \u00dcniversitesi  Kimya M\u00fchendisli\u011fi B\u00f6l\u00fcm\u00fc’nden mezun olan Ece D\u00f6ker, kariyerine Betek Boya  ve Kimya Sanayi’de AR-GE M\u00fchendisi olarak ba\u015flad\u0131. 1999-2002 y\u0131llar\u0131 aras\u0131nda Organik Kimya ’da Teknik Sat\u0131\u015f M\u00fchendisi olarak \u00e7al\u0131\u015fan D\u00f6ker, 2002-2007 y\u0131llar\u0131 aras\u0131nda Clariant ’ta Sat\u0131\u015f M\u00fcd\u00fcr\u00fc olarak g\u00f6rev yapt\u0131. D\u00f6ker, Cargill’e kat\u0131lmadan \u00f6nce 2007-2015 y\u0131llar\u0131 aras\u0131nda Wacker Chemie  AG’de B\u00f6lge Sat\u0131\u015f M\u00fcd\u00fcr\u00fc olarak g\u00f6revini s\u00fcrd\u00fcrmekteydi. ","protected":false},"author":1,"featured_media":0,"parent":340,"menu_order":0,"comment_status":"open","ping_status":"closed","template":"","meta":{"_links_to":"https:\/\/www.kadindostumarkalar.org\/yazilar\/genel\/cargillturkiye-yonetim-kurulunda-kadin-yonetici-orani-yuzde-50ye-cikti","_links_to_target":"https:\/\/www.kadindostumarkalar.org\/yazilar\/genel\/cargillturkiye-yonetim-kurulunda-kadin-yonetici-orani-yuzde-50ye-cikti"},"_links":{"self":[{"href":"https:\/\/www.kadindostumarkalar.org\/yazilar\/genel\/cargillturkiye-yonetim-kurulunda-kadin-yonetici-orani-yuzde-50ye-cikti"}],"collection":[{"href":"urlver"}],"about":[{"href":""}],"author":[{"embeddable":true,"href":"https:\/\/www.kadindostumarkalar.org\/yazilar\/genel\/cargillturkiye-yonetim-kurulunda-kadin-yonetici-orani-yuzde-50ye-cikti"}],"replies":[{"embeddable":true,"href":"https:\/\/www.kadindostumarkalar.org\/yazilar\/genel\/cargillturkiye-yonetim-kurulunda-kadin-yonetici-orani-yuzde-50ye-cikti"}],"version-history":[{"count":1169,"href":"https:\/\/www.kadindostumarkalar.org\/yazilar\/genel\/cargillturkiye-yonetim-kurulunda-kadin-yonetici-orani-yuzde-50ye-cikti"}],"predecessor-version":[{"id":340,"href":"https:\/\/www.kadindostumarkalar.org\/yazilar\/genel\/cargillturkiye-yonetim-kurulunda-kadin-yonetici-orani-yuzde-50ye-cikti"}],"up":[{"embeddable":true,"href":"https:\/\/www.kadindostumarkalar.org\/yazilar\/genel\/cargillturkiye-yonetim-kurulunda-kadin-yonetici-orani-yuzde-50ye-cikti"}],"wp:attachment":[{"href":"https:\/\/www.kadindostumarkalar.org\/img\/blog\/5c8c9c2f07291c1d74fe95e1-e1638355454224.jpg"}],"curies":[{"name":".Net","href":"https:\/\/api.w.org\/{rel}","templated":true}]}}