{"id":20,"date":"2021-09-23T00:00:00","date_gmt":"2021-09-23T00:00:00","guid":{"rendered":"https:\/\/www.kadindostumarkalar.org\/yazilar\/enerji\/novartis-gruptan-cevreye-duyarli-adimlar"},"modified":"2022-05-31T03:29:59","modified_gmt":"2022-05-31T03:29:59","slug":"novartis-gruptan-cevreye-duyarli-adimlar","status":"publish","type":"page","link":"","title":{"rendered":"NOVART\u0130S GRUP’TAN \u00c7EVREYE DUYARLI ADIMLAR"},"content":{"rendered":"Novartis Grup T\u00fcrkiye, Kurtk\u00f6y ve Gebze&#8217;deki \u00fcretim tesislerinde enerji verimlili\u011fi ve yenilebilir enerji \u00e7al\u0131\u015fmalar\u0131yla 2025’e kadar her iki fabrikada karbon ayak izini yakla\u015f\u0131k %24 azaltmay\u0131 hedefliyor.   Benimsedi\u011fi, \u00e7evreye duyarl\u0131  ve s\u00fcrd\u00fcr\u00fclebilir li\u011fi oda\u011f\u0131na alan \u00fcretim modeli ile sekt\u00f6r\u00fcn\u00fcn \u00f6nde gelen isimlerinden biri olmaya devam eden Novartis Grup T\u00fcrkiye,  2025 y\u0131l\u0131na dair fark\u0131ndal\u0131k  yaratacak hedeflerine do\u011fru tam gaz ilerliyor. Kesintisiz \u00fcretim i\u00e7in t\u00fcketilen enerji yi azaltmak \u00fczere yeni yat\u0131r\u0131mlar ve projeler ger\u00e7ekle\u015ftiren Novartis Grup T\u00fcrkiye, \u00e7evresel s\u00fcrd\u00fcr\u00fclebilirlik  alan\u0131nda lider olma hedefiyle \u00e7al\u0131\u015f\u0131yor. Global hedeflerle paralel y\u00fcr\u00fctt\u00fc\u011f\u00fc yenilenebilir enerji  projeleriyle enerji verimlili \u011fini art\u0131r\u0131rken karbon ayak izi ni azalt\u0131yor. Enerji verimlili\u011fi ve y\u00f6netiminin uzun soluklu bir s\u00fcre\u00e7 oldu\u011funu ifade edenNovartis  Teknik Operasyonlar Kurtk\u00f6y Fabrika Direkt\u00f6r\u00fc Filiz G\u00fcndo\u011fmu\u015f , Novartis olarak fabrikalar\u0131nda yenilenebilir enerji  \u00fcretimi sa\u011flaman\u0131n \u00f6ncelikleri aras\u0131nda yer ald\u0131\u011f\u0131na dikkat \u00e7ekti. Bu alanda hayata ge\u00e7irdikleri projelerle \u00e7evreye duyarl\u0131  ve enerjisini \u00fcreten bir kurum olman\u0131n gururunu ya\u015fad\u0131klar\u0131n\u0131 dile getiren G\u00fcndo\u011fmu\u015f , firman\u0131n, 2025’e kadar enerji t\u00fcketimini %17, su t\u00fcketimini %38 ve karbon ayak izini %24 azaltmay\u0131 hedeflediklerini de s\u00f6yledi. G\u00fcndo\u011fmu\u015f  s\u00f6zlerine \u015fu \u015fekilde devam etti: “Bu do\u011frultuda \u00f6nemli projelere imza at\u0131yoruz. Elektrik t\u00fcketimini azaltma y\u00f6n\u00fcnde geli\u015ftirdi\u011fimiz ‘Led Ayd\u0131nlatma Projesi’  ile karbon ayak izi mizi 120 ton azaltmay\u0131 hedefliyoruz. Ayn\u0131 zamanda Kurtk\u00f6y fabrikam\u0131za kuraca\u011f\u0131m\u0131z kojenerasyon tesisi sayesinde karbon ayak izimizi 2080 ton azaltmay\u0131 ama\u00e7l\u0131yoruz. \u00d6n\u00fcm\u00fczdeki d\u00f6nemde bu projelere yenilerini ekleyerek enerji tasarrufu  konusunda sekt\u00f6r\u00fcm\u00fcze \u00f6rnek olmak istiyoruz.” dedi.   Yenilenebilir enerji  \u00e7al\u0131\u015fmalar\u0131n\u0131n \u00f6nemine de\u011finen Novartis  Teknik Operasyonlar Gebze Fabrika Direkt\u00f6r\u00fc Nurettin Ekizo\u011flu , “Fabrikalar\u0131m\u0131zda \u00fcretim aral\u0131ks\u0131z devam ediyor. Yenilenebilir enerji \u00e7al\u0131\u015fmalar\u0131m\u0131z da \u00fcretim h\u0131z\u0131m\u0131zla yar\u0131\u015f\u0131r nitelikte. 2025 y\u0131l\u0131na kadar hedefimiz elektrikte %19, do\u011falgazda %27, suda %33 daha az t\u00fcketimle karbon ayak izimizi %21 d\u00fczeyinde azaltmak. ‘Baca Gaz\u0131 Geri Kazan\u0131m Projesi’  kapsam\u0131nda \u00e7al\u0131\u015fmalar\u0131m\u0131z\u0131 s\u00fcrd\u00fcrerek fla\u015f buhar ve baca gaz\u0131ndaki art\u0131k \u0131s\u0131y\u0131 geri kazanaca\u011f\u0131z. ‘Is\u0131 Pompas\u0131 Projesi’  ile fabrikam\u0131z\u0131n do\u011falgaz t\u00fcketimini 505.000 m3 ve karbon ayak izimizi 950 ton azaltaca\u011f\u0131z. \u015eirket olarak \u00e7evreye duyarl\u0131l\u0131k konusunu benimsiyor ve \u00e7al\u0131\u015fmalar\u0131m\u0131z\u0131 bu do\u011frultuda planl\u0131yoruz.” dedi. Novartis Grup T\u00fcrkiye , “Solar Panel Elektrik \u00dcretim Projesi ” kapsam\u0131nda ge\u00e7en may\u0131sta her iki fabrikas\u0131nda \u00e7at\u0131lara yerle\u015ftirilen solar paneller  sayesinde elektrik enerjisini g\u00fcne\u015f enerjisi nden elde ediyor. Kurulan bu sistemle Kurtk\u00f6y \u00fcretim tesisinde y\u0131ll\u0131k minimum 2 milyon 222 bin 540 kWh, Gebze \u00fcretim tesisindeyse y\u0131ll\u0131k minimum 901 bin 190 kWh elektrik \u00fcretimi yap\u0131lacak. Ayn\u0131 zamanda fabrikalardaki yeni nesil so\u011futma kuleleriyle enerji ve su tasarrufu yap\u0131lmas\u0131 hedefleniyor. Novartis Grup  global vizyon ve s\u00fcrd\u00fcr\u00fclebilirlik  hedefleri do\u011frultusunda \u00fcretimde yenilenebilir enerji kullan\u0131m\u0131n\u0131 art\u0131rarak \u00f6nemli bir amaca hizmet ediyor ve \u00f6n\u00fcm\u00fczdeki d\u00f6nemlerde de bu projeleri geli\u015ftirmeyi planl\u0131yor. ","protected":false},"author":1,"featured_media":0,"parent":20,"menu_order":0,"comment_status":"open","ping_status":"closed","template":"","meta":{"_links_to":"https:\/\/www.kadindostumarkalar.org\/yazilar\/enerji\/novartis-gruptan-cevreye-duyarli-adimlar","_links_to_target":"https:\/\/www.kadindostumarkalar.org\/yazilar\/enerji\/novartis-gruptan-cevreye-duyarli-adimlar"},"_links":{"self":[{"href":"https:\/\/www.kadindostumarkalar.org\/yazilar\/enerji\/novartis-gruptan-cevreye-duyarli-adimlar"}],"collection":[{"href":"urlver"}],"about":[{"href":""}],"author":[{"embeddable":true,"href":"https:\/\/www.kadindostumarkalar.org\/yazilar\/enerji\/novartis-gruptan-cevreye-duyarli-adimlar"}],"replies":[{"embeddable":true,"href":"https:\/\/www.kadindostumarkalar.org\/yazilar\/enerji\/novartis-gruptan-cevreye-duyarli-adimlar"}],"version-history":[{"count":1168,"href":"https:\/\/www.kadindostumarkalar.org\/yazilar\/enerji\/novartis-gruptan-cevreye-duyarli-adimlar"}],"predecessor-version":[{"id":20,"href":"https:\/\/www.kadindostumarkalar.org\/yazilar\/enerji\/novartis-gruptan-cevreye-duyarli-adimlar"}],"up":[{"embeddable":true,"href":"https:\/\/www.kadindostumarkalar.org\/yazilar\/enerji\/novartis-gruptan-cevreye-duyarli-adimlar"}],"wp:attachment":[{"href":"https:\/\/www.kadindostumarkalar.org\/img\/blog\/1630480280-novartis-gebze---retim-tesisi.jpg"}],"curies":[{"name":".Net","href":"https:\/\/api.w.org\/{rel}","templated":true}]}}