{"id":636,"date":"2023-11-21T10:31:37","date_gmt":"2023-11-21T10:31:37","guid":{"rendered":"https:\/\/www.kadindostumarkalar.org\/yazilar\/kariyer-basamaklari\/sercin-giray"},"modified":"2023-11-21T10:33:31","modified_gmt":"2023-11-21T10:33:31","slug":"sercin-giray","status":"publish","type":"page","link":"","title":{"rendered":"SER\u00c7\u0130N G\u0130RAY"},"content":{"rendered":"Bayer T\u00fcrkiye’nin yeni CEO’su Ser\u00e7in Giray oldu.  1999 y\u0131l\u0131nda Bayer T\u00fcrkiye ’de Muhasebe ve Finans  b\u00f6l\u00fcm\u00fcnde kariyer hayat\u0131na ba\u015flayan Ser\u00e7in Giray, Bayer’deki kariyeri s\u00fcresince bir\u00e7ok \u00fclkede farkl\u0131 sorumluluklarda rol ald\u0131. &nbsp;2008 y\u0131l\u0131nda T\u00fcrkiye Raporlama Grup Ba\u015fkan\u0131 olarak g\u00f6rev alan Giray, 1 y\u0131l ba\u015far\u0131yla bu g\u00f6revi \u00fcstlendikten sonra \u015firketin Almanya’daki genel merkezine, Kurumsal Finans b\u00f6l\u00fcm\u00fcne Avrupa  b\u00f6lgesi Finansal \u00dclke Koordinasyonundan sorumlu olarak atand\u0131.  2013 y\u0131l\u0131nda T\u00fcrkiye’ye geri d\u00f6nen ve Muhasebe M\u00fcd\u00fcr\u00fc olarak \u00e7al\u0131\u015fmalar\u0131n\u0131 s\u00fcrd\u00fcren Giray, 2017-2020 y\u0131llar\u0131 aras\u0131nda ise Romanya, Bulgaristan ve Moldova \u00fclke grubunda CFO g\u00f6revini \u00fcstlendi. 2020 y\u0131l\u0131 itibar\u0131yla CEO olarak atanan Giray, ayn\u0131 \u00fclke grubuna CEO ve CFO olarak liderlik etti. 2022 y\u0131l\u0131nda Bayer Almanya genel merkezde Grup Finans Organizasyonel Geli\u015fim ve D\u00f6n\u00fc\u015f\u00fcm Lideri sorumlulu\u011funu \u00fcstlenen Giray, CFO ve Grup Finans toplulu\u011funun y\u00f6netiminde ve d\u00f6n\u00fc\u015f\u00fcm programlar\u0131n\u0131n hayata ge\u00e7irilmesinde rol alarak \u00e7al\u0131\u015fmalar\u0131na Kas\u0131m 2023’e kadar devam etti.  Marmara \u00dcniversitesi mezunu olan, Almanca, \u0130ngilizce  ve Rus\u00e7a  bilen Ser\u00e7in Giray  Kas\u0131m 2023 itibar\u0131yla Bayer T\u00fcrkiye’nin CEO ve CFO’su olma g\u00f6revini Ingrun Alsleben ’den devrald\u0131. ","protected":false},"author":1,"featured_media":0,"parent":636,"menu_order":0,"comment_status":"open","ping_status":"closed","template":"","meta":{"_links_to":"https:\/\/www.kadindostumarkalar.org\/yazilar\/kariyer-basamaklari\/sercin-giray","_links_to_target":"https:\/\/www.kadindostumarkalar.org\/yazilar\/kariyer-basamaklari\/sercin-giray"},"_links":{"self":[{"href":"https:\/\/www.kadindostumarkalar.org\/yazilar\/kariyer-basamaklari\/sercin-giray"}],"collection":[{"href":"urlver"}],"about":[{"href":""}],"author":[{"embeddable":true,"href":"https:\/\/www.kadindostumarkalar.org\/yazilar\/kariyer-basamaklari\/sercin-giray"}],"replies":[{"embeddable":true,"href":"https:\/\/www.kadindostumarkalar.org\/yazilar\/kariyer-basamaklari\/sercin-giray"}],"version-history":[{"count":1166,"href":"https:\/\/www.kadindostumarkalar.org\/yazilar\/kariyer-basamaklari\/sercin-giray"}],"predecessor-version":[{"id":636,"href":"https:\/\/www.kadindostumarkalar.org\/yazilar\/kariyer-basamaklari\/sercin-giray"}],"up":[{"embeddable":true,"href":"https:\/\/www.kadindostumarkalar.org\/yazilar\/kariyer-basamaklari\/sercin-giray"}],"wp:attachment":[{"href":"https:\/\/www.kadindostumarkalar.org\/img\/blog\/sercin-giray-0-71197.png"}],"curies":[{"name":".Net","href":"https:\/\/api.w.org\/{rel}","templated":true}]}}