{"id":168,"date":"2022-04-11T00:00:00","date_gmt":"2022-04-11T00:00:00","guid":{"rendered":"https:\/\/www.kadindostumarkalar.org\/yazilar\/vakif-dernek\/sestri-collections-ve-buldan-vakfi-egitime-destek-icin-guclerini-birlestirdi"},"modified":"2022-06-02T00:25:10","modified_gmt":"2022-06-02T00:25:10","slug":"sestri-collections-ve-buldan-vakfi-egitime-destek-icin-guclerini-birlestirdi","status":"publish","type":"page","link":"","title":{"rendered":"SESTRI COLLECTIONS VE BULDAN VAKFI, E\u011e\u0130T\u0130ME DESTEK \u0130\u00c7\u0130N G\u00dc\u00c7LER\u0130N\u0130 B\u0130RLE\u015eT\u0130RD\u0130"},"content":{"rendered":"Turistik gezi acentesi Sestri Collections, e\u011fitim yoluyla kad\u0131nlar\u0131n ve k\u0131z \u00e7ocuklar\u0131n\u0131n g\u00fc\u00e7lenmesini misyon edinen&nbsp; Buldan Vakf\u0131 ile i\u015fbirli\u011fi yapt\u0131\u011f\u0131, 8 Mart 2021 ile 8 Mart 2022 tarihleri aras\u0131nda, toplamda 3 bin 964 seyahate dan\u0131\u015fmanl\u0131k yaparak k\u0131z \u00e7ocuklar\u0131n\u0131n e\u011fitimine destek oldu.  Sestri Collections, 2021 y\u0131l\u0131ndan bu yana e\u011fitimde f\u0131rsat e\u015fitsizli\u011fine  kar\u015f\u0131, k\u0131z \u00e7ocuklar\u0131n\u0131n e\u011fitim lerini tamamlamalar\u0131na y\u00f6nelik \u00e7al\u0131\u015fmalarda, Buldan Vakf\u0131 ile i\u015f birli\u011fi yap\u0131yor. Bu birliktelik kapsam\u0131nda hareket eden Sestri Collections, yap\u0131lan seyahat dan\u0131\u015fmanl\u0131\u011f\u0131 ile e\u011fitime destek oluyor. K\u0131z \u00e7ocuklar\u0131 n\u0131n e\u011fitimlerini tamamlayarak hayata bilgi ve g\u00fcvenle ad\u0131m atmalar\u0131na y\u00f6nelik yap\u0131lan e\u011fitime destek projesi 8 Mart 2021’den bug\u00fcne devam ederek, gerek sonu\u00e7lar\u0131 gerek dokundu\u011fu k\u0131z \u00e7ocuklar\u0131n\u0131n say\u0131s\u0131 ile olduk\u00e7a g\u00fc\u00e7l\u00fc bir proje haline geldi. Projede seyahat dan\u0131\u015fmanl\u0131\u011f\u0131 yapan Sestri Collections, her talepte belli bir oranda b\u00fct\u00e7e ay\u0131rarak bug\u00fcn de k\u0131z \u00e7ocuklar\u0131n\u0131n e\u011fitimine destek oluyor. 8 Mart 2021 ile 8 Mart 2022 tarihleri aras\u0131nda, toplamda 3 bin 964 seyahate dan\u0131\u015fmanl\u0131k yaparak k\u0131z \u00e7ocuklar\u0131n\u0131n e\u011fitimine destek olan Sestri Collections, e\u011fitimin toplumu de\u011fi\u015ftirebilece\u011fi inanc\u0131yla 2015’te kurulan, 2016 tarihinden beri kad\u0131nlar\u0131n topluma kazand\u0131r\u0131lmas\u0131 ve k\u0131zlar\u0131n e\u011fitimlerinin desteklenmesi gibi faaliyetlerde bulunan Buldan Vakf\u0131 ile yeni projelerde i\u015f birliklerine de devam ediyor. ","protected":false},"author":1,"featured_media":0,"parent":168,"menu_order":0,"comment_status":"open","ping_status":"closed","template":"","meta":{"_links_to":"https:\/\/www.kadindostumarkalar.org\/yazilar\/vakif-dernek\/sestri-collections-ve-buldan-vakfi-egitime-destek-icin-guclerini-birlestirdi","_links_to_target":"https:\/\/www.kadindostumarkalar.org\/yazilar\/vakif-dernek\/sestri-collections-ve-buldan-vakfi-egitime-destek-icin-guclerini-birlestirdi"},"_links":{"self":[{"href":"https:\/\/www.kadindostumarkalar.org\/yazilar\/vakif-dernek\/sestri-collections-ve-buldan-vakfi-egitime-destek-icin-guclerini-birlestirdi"}],"collection":[{"href":"urlver"}],"about":[{"href":""}],"author":[{"embeddable":true,"href":"https:\/\/www.kadindostumarkalar.org\/yazilar\/vakif-dernek\/sestri-collections-ve-buldan-vakfi-egitime-destek-icin-guclerini-birlestirdi"}],"replies":[{"embeddable":true,"href":"https:\/\/www.kadindostumarkalar.org\/yazilar\/vakif-dernek\/sestri-collections-ve-buldan-vakfi-egitime-destek-icin-guclerini-birlestirdi"}],"version-history":[{"count":828,"href":"https:\/\/www.kadindostumarkalar.org\/yazilar\/vakif-dernek\/sestri-collections-ve-buldan-vakfi-egitime-destek-icin-guclerini-birlestirdi"}],"predecessor-version":[{"id":168,"href":"https:\/\/www.kadindostumarkalar.org\/yazilar\/vakif-dernek\/sestri-collections-ve-buldan-vakfi-egitime-destek-icin-guclerini-birlestirdi"}],"up":[{"embeddable":true,"href":"https:\/\/www.kadindostumarkalar.org\/yazilar\/vakif-dernek\/sestri-collections-ve-buldan-vakfi-egitime-destek-icin-guclerini-birlestirdi"}],"wp:attachment":[{"href":"https:\/\/www.kadindostumarkalar.org\/img\/blog\/1647929790-sestri-buldan.jpeg"}],"curies":[{"name":".Net","href":"https:\/\/api.w.org\/{rel}","templated":true}]}}