{"id":167,"date":"2022-03-22T00:00:00","date_gmt":"2022-03-22T00:00:00","guid":{"rendered":"https:\/\/www.kadindostumarkalar.org\/yazilar\/vakif-dernek\/turk-egitim-vakfi-genc-kadinlarin-kendi-hikayelerini-yazmalarina-destek-oluyor"},"modified":"2022-06-02T00:25:07","modified_gmt":"2022-06-02T00:25:07","slug":"turk-egitim-vakfi-genc-kadinlarin-kendi-hikayelerini-yazmalarina-destek-oluyor","status":"publish","type":"page","link":"","title":{"rendered":"T\u00dcRK E\u011e\u0130T\u0130M VAKFI GEN\u00c7 KADINLARIN KEND\u0130 H\u0130KAYELER\u0130N\u0130 YAZMALARINA DESTEK OLUYOR"},"content":{"rendered":"T\u00fcrk E\u011fitim Vakf\u0131 (TEV), hayata ge\u00e7irdi\u011fi ‘Yar\u0131da Kalmas\u0131n’ projesi ile gen\u00e7lerin e\u011fitimlerini, hayallerini ve hikâyelerini devam ettirmelerine destek olmaya devam ediyor.  8 Mart D\u00fcnya Kad\u0131nlar G\u00fcn\u00fc dolay\u0131s\u0131yla TEV Bursu sayesinde e\u011fitim hayatlar\u0131na devam eden ve e\u011fitimlerini tamamlayan gen\u00e7 kad\u0131nlar\u0131n ger\u00e7ek hikâyelerini dijital mecralarda payla\u015fan Vak\u0131f, f\u0131rsat e\u015fitli\u011finin gen\u00e7 kad\u0131nlar \u00fczerindeki olumlu etkisine dikkat \u00e7ekiyor.&nbsp;  55 y\u0131ld\u0131r maddi olanaklar\u0131 s\u0131n\u0131rl\u0131 \u00f6\u011frencilere burs deste\u011fi veren T\u00fcrkiye’nin en k\u00f6kl\u00fc ve \u00f6nc\u00fc vak\u0131flar\u0131ndan T\u00fcrk E\u011fitim Vakf\u0131 (TEV), hayata ge\u00e7irdi\u011fi “Yar\u0131da Kalmas\u0131n” projesini 8 Mart D\u00fcnya Kad\u0131nlar G\u00fcn\u00fc vesilesiyle bir fark\u0131ndal\u0131k projesine d\u00f6n\u00fc\u015ft\u00fcrd\u00fc. TEV bursu sayesinde e\u011fitimine devam etme f\u0131rsat\u0131 bulan, mezun olan ve i\u015f hayat\u0131na at\u0131lan gen\u00e7 kad\u0131nlar\u0131n ger\u00e7ek hikâyelerini k\u0131sa video filmler \u015feklinde dijital mecralarda takip\u00e7ileriyle payla\u015fan TEV, f\u0131rsat e\u015fitli\u011fi tan\u0131nan gen\u00e7 kad\u0131nlar\u0131n e\u011fitim hayatlar\u0131n\u0131n yan\u0131 s\u0131ra sosyal hayatlar\u0131 ve kariyerlerinin de olumlu anlamda de\u011fi\u015fti\u011fine dikkat \u00e7ekiyor.  Gen\u00e7 kad\u0131nlar\u0131n hikâyelerini T\u00fcrk E\u011fitim Vakf\u0131 Mezun Bursiyerleri Ece Vahapo\u011flu ve Sarp Akkaya ile birlikte Zeynep Bast\u0131k, O\u011fuzkan Ko\u00e7, Bennu Y\u0131ld\u0131r\u0131mlar, Hafsanur Sancaktutan ve G\u00f6zde Atasoy gibi \u00fcnl\u00fc isimler seslendirdi. TEV mezunu olmak kad\u0131nlar\u0131n hayata kat\u0131l\u0131m\u0131n\u0131 kolayla\u015ft\u0131r\u0131yor  TEV’in Sosyal Etki ara\u015ft\u0131rma sonu\u00e7lar\u0131na g\u00f6re, TEV bursiyeri olman\u0131n \u00e7al\u0131\u015fma hayat\u0131na kat\u0131lma konusundaki etkisi kad\u0131nlar \u00fczerinde \u00e7ok daha fazla g\u00f6r\u00fcl\u00fcyor. TEV bursiyeri olmak i\u015f ya\u015fam\u0131na kat\u0131lma e\u011filimini iki kata yak\u0131n art\u0131r\u0131yor. TEV bursiyeri kad\u0131nlar\u0131n y\u00fczde 70’i \u015fu an aktif \u00e7al\u0131\u015fma hayat\u0131nda bulunuyor. Ayr\u0131ca TEV’den burs almak kad\u0131nlar\u0131n y\u00fcksek e\u011fitim alma olas\u0131l\u0131\u011f\u0131n\u0131 10 kat art\u0131r\u0131yor. G\u00fcven Endeksi’ne g\u00f6re ise TEV bursiyeri kad\u0131nlar\u0131n daha y\u00fcksek g\u00fcven derecesine sahip. &#8220;&#8216;Yar\u0131da Kalmas\u0131n’ projesiyle gen\u00e7lerin e\u015fit f\u0131rsatlarla hikayelerini yazmaya katk\u0131da bulunuyoruz &#8220; Her bireyin cinsiyetinden ba\u011f\u0131ms\u0131z ve kendi potansiyeline sahip olarak d\u00fcnyaya geldi\u011finin alt\u0131n\u0131 \u00e7izen TEV Genel M\u00fcd\u00fcr\u00fc Banu Ta\u015fk\u0131n, toplumsal cinsiyet e\u015fitsizli\u011fi ve f\u0131rsat e\u015fitli\u011fi tan\u0131nmas\u0131n\u0131n \u00f6zellikle k\u0131z \u00f6\u011frencileri e\u011fitim hayatlar\u0131ndan ba\u015flayarak sosyal ve i\u015f ya\u015fam\u0131nda da zorlu engellerle ba\u015f ba\u015fa b\u0131rakt\u0131\u011f\u0131n\u0131 dile getirdi. Konu\u015fmas\u0131na devam eden Ta\u015fk\u0131n, T\u00fcrk E\u011fitim Vakf\u0131’n\u0131n bu geleneksel \u00f6nyarg\u0131lar\u0131 ve bariyerleri ortadan kald\u0131rmas\u0131n\u0131n yan\u0131 s\u0131ra \u00e7e\u015fitlili\u011fi, kapsay\u0131c\u0131l\u0131\u011f\u0131 ve e\u015fitli\u011fi te\u015fvik etme konusunda da her d\u00f6nem her \u015fartta \u00fcst\u00fcne d\u00fc\u015fen g\u00f6revleri yerine getirmek i\u00e7in \u00e7al\u0131\u015fmaya devam edece\u011fini belitti. Kad\u0131n erkek hi\u00e7bir gencin hayalleri, hikâyeleri yar\u0131da kalmas\u0131n, hepsi e\u011fitimlerini tamamlayarak T\u00fcrkiye’nin ayd\u0131nl\u0131k gelece\u011finin bir par\u00e7as\u0131 olsun diye ‘Yar\u0131da Kalmas\u0131n’ projemizi hayata ge\u00e7irdiklerini belirten Ta\u015fk\u0131n, bu projeyle daha fazla gence ula\u015fmay\u0131 ve her gencin e\u015fit f\u0131rsatlarla e\u011fitimine katk\u0131da bulunmay\u0131 hedeflediklerini ifade etti. Ta\u015fk\u0131n s\u00f6zlerini, “Projede bize katk\u0131da bulunan, bu fark\u0131ndal\u0131\u011f\u0131n daha geni\u015f kitlelere yay\u0131lmas\u0131n\u0131 sa\u011flayan e\u011fitim dostu sanat\u00e7\u0131lar\u0131m\u0131za ve t\u00fcm destek\u00e7ilerimize y\u00fcrekten te\u015fekk\u00fcr ediyoruz” \u015feklinde tamamlad\u0131. ","protected":false},"author":1,"featured_media":0,"parent":167,"menu_order":0,"comment_status":"open","ping_status":"closed","template":"","meta":{"_links_to":"https:\/\/www.kadindostumarkalar.org\/yazilar\/vakif-dernek\/turk-egitim-vakfi-genc-kadinlarin-kendi-hikayelerini-yazmalarina-destek-oluyor","_links_to_target":"https:\/\/www.kadindostumarkalar.org\/yazilar\/vakif-dernek\/turk-egitim-vakfi-genc-kadinlarin-kendi-hikayelerini-yazmalarina-destek-oluyor"},"_links":{"self":[{"href":"https:\/\/www.kadindostumarkalar.org\/yazilar\/vakif-dernek\/turk-egitim-vakfi-genc-kadinlarin-kendi-hikayelerini-yazmalarina-destek-oluyor"}],"collection":[{"href":"urlver"}],"about":[{"href":""}],"author":[{"embeddable":true,"href":"https:\/\/www.kadindostumarkalar.org\/yazilar\/vakif-dernek\/turk-egitim-vakfi-genc-kadinlarin-kendi-hikayelerini-yazmalarina-destek-oluyor"}],"replies":[{"embeddable":true,"href":"https:\/\/www.kadindostumarkalar.org\/yazilar\/vakif-dernek\/turk-egitim-vakfi-genc-kadinlarin-kendi-hikayelerini-yazmalarina-destek-oluyor"}],"version-history":[{"count":891,"href":"https:\/\/www.kadindostumarkalar.org\/yazilar\/vakif-dernek\/turk-egitim-vakfi-genc-kadinlarin-kendi-hikayelerini-yazmalarina-destek-oluyor"}],"predecessor-version":[{"id":167,"href":"https:\/\/www.kadindostumarkalar.org\/yazilar\/vakif-dernek\/turk-egitim-vakfi-genc-kadinlarin-kendi-hikayelerini-yazmalarina-destek-oluyor"}],"up":[{"embeddable":true,"href":"https:\/\/www.kadindostumarkalar.org\/yazilar\/vakif-dernek\/turk-egitim-vakfi-genc-kadinlarin-kendi-hikayelerini-yazmalarina-destek-oluyor"}],"wp:attachment":[{"href":"https:\/\/www.kadindostumarkalar.org\/img\/blog\/tev-3.jpg"}],"curies":[{"name":".Net","href":"https:\/\/api.w.org\/{rel}","templated":true}]}}