{"id":336,"date":"2021-12-31T00:00:00","date_gmt":"2021-12-31T00:00:00","guid":{"rendered":"https:\/\/www.kadindostumarkalar.org\/yazilar\/genel\/unlu038co-kadin-girisimciler-akademisi-5-yilda-100-mezun-verdi"},"modified":"2022-06-06T13:21:06","modified_gmt":"2022-06-06T13:21:06","slug":"unlu038co-kadin-girisimciler-akademisi-5-yilda-100-mezun-verdi","status":"publish","type":"page","link":"","title":{"rendered":"“\u00dcNL\u00dc&#038;CO KADIN G\u0130R\u0130\u015e\u0130MC\u0130LER AKADEM\u0130S\u0130” 5 YILDA 100 MEZUN VERD\u0130"},"content":{"rendered":"T\u00fcrkiye’nin \u00f6nde gelen yat\u0131r\u0131m hizmetleri ve varl\u0131k y\u00f6netim grubu \u00dcNL\u00dc &amp; Co’nun T\u00fcrkiye Giri\u015fimcilik Vakf\u0131 ve Endeavor T\u00fcrkiye deste\u011fi ile hayata ge\u00e7irdi\u011fi “Kad\u0131n Giri\u015fimciler Akademisi” 5’inci y\u0131l\u0131nda toplamda 100 mezun verdi.   Birle\u015fmi\u015f Milletler (BM) K\u00fcresel \u0130lkeler S\u00f6zle\u015fmesi (UN Global Compact)  ve BM Toplumsal Cinsiyet E\u015fitli\u011fi ve Kad\u0131n\u0131n G\u00fc\u00e7lenmesi Birimi (UN Women)  ortakl\u0131\u011f\u0131nda olu\u015fturulan Kad\u0131n\u0131n G\u00fc\u00e7lendirilmesi Prensipleri (Women’s Empowerment Principles) imzac\u0131lar\u0131 aras\u0131nda yer alan \u00dcNL\u00dc &amp; Co , kad\u0131nlara y\u00f6nelik projeleri ile \u00f6ne \u00e7\u0131kmaya devam ediyor. Kurulu\u015funun 25’inci y\u0131l\u0131n\u0131 ‘Ben-Sen-Onlar: Sanat\u00e7\u0131 Kad\u0131nlar\u0131n Y\u00fczy\u0131l\u0131’ sergisine sponsor olarak kutlayan \u00dcNL\u00dc&amp;Co, 5 y\u0131l \u00f6nce T\u00fcrkiye Giri\u015fimcilik Vakf\u0131  ve Endeavor T\u00fcrkiye  deste\u011fi ile hayata ge\u00e7irdi\u011fi Kad\u0131n Giri\u015fimciler Akademisi ’nde de toplamda 100 mezun verdi. Program \u00e7er\u00e7evesinde verilen e\u011fitim ile i\u015f d\u00fcnyas\u0131 ve yat\u0131r\u0131mc\u0131larla bir araya getirilen akademi \u00f6\u011frencileri i\u00e7in, sonras\u0131nda mentor mentee e\u015fle\u015fmeleri sa\u011fland\u0131. Kurulduklar\u0131ndan bug\u00fcne kad\u0131n lar\u0131n i\u015f hayat\u0131na kat\u0131l\u0131m\u0131n\u0131, grup \u015firketlerinin her kademesinde desteklemeye b\u00fcy\u00fck \u00f6nem verdiklerini belirten \u00dcNL\u00dc&amp;Co Y\u00f6netim Kurulu \u00dcyesi \u015eebnem Kalyoncuo\u011flu \u00dcnl\u00fc , kad\u0131n\u0131n istedi\u011finde ba\u015faramayaca\u011f\u0131 hi\u00e7bir \u015fey olmad\u0131\u011f\u0131n\u0131 bildiklerini vurgulayan Kalyoncuo\u011flu \u00dcnl\u00fc konu\u015fmas\u0131na \u015fu \u015fekilde devam etti: “Yeter ki kad\u0131nlar\u0131m\u0131z\u0131n \u00f6n\u00fcnde engel de\u011fil, onlar\u0131n arkas\u0131ndaki destekleyici g\u00fc\u00e7 olal\u0131m. Bu bilin\u00e7le kurulu\u015fumuzun 20.y\u0131l\u0131nda T\u00fcrkiye Giri\u015fimcilik Vakf\u0131 ve Endeavor T\u00fcrkiye deste\u011fi ile hayata ge\u00e7irdi\u011fimiz “Kad\u0131n Giri\u015fimciler Akademisi ” ile be\u015f y\u0131lda 100 kad\u0131n giri\u015fimci ye e\u011fitim verdik. Hayatlar\u0131na dokunmu\u015f oldu\u011fumuz bu 100 giri\u015fimcimizin, \u00fclkemizdeki t\u00fcm kad\u0131nlara ilham kayna\u011f\u0131 olaca\u011f\u0131na inan\u0131yoruz.” ‘Cesaret ve \u00f6zg\u00fcvenin yan\u0131 s\u0131ra e\u011fitim \u00f6nemli’  9 ay s\u00fcren Akademi kapsam\u0131nda kat\u0131l\u0131mc\u0131lara e\u011fitim , mentorluk, networking ve yat\u0131r\u0131mc\u0131lar ile bulu\u015fma  f\u0131rsatlar\u0131 sunuldu\u011funu kaydeden \u015eebnem Kalyoncuo\u011flu \u00dcnl\u00fc, kendi i\u015fini kurmak isteyen kad\u0131nlar a\u00e7\u0131s\u0131ndan cesaret ve \u00f6zg\u00fcvenin yan\u0131 s\u0131ra e\u011fitim ve donan\u0131m\u0131n da \u00f6nemine de\u011findi. Kad\u0131n Giri\u015fimciler Akademisi ile hedeflerinin; kad\u0131nlara i\u015f fikirlerini hayata ge\u00e7irme s\u00fcrecinde gereksinim duyduklar\u0131 her konuda rehberlik yaparak kariyer yolculuklar\u0131nda onlar\u0131 cesaretlendirmek oldu\u011funun da alt\u0131n\u0131 \u00e7izen Kalyoncuo\u011flu \u00dcnl\u00fc, “Bug\u00fcn son mezunlar\u0131m\u0131z\u0131 verirken bir yandan hedeflerimizi ger\u00e7ekle\u015ftirmi\u015f olman\u0131n gururunu ta\u015f\u0131yor, bir yandan da b\u00f6ylesi anlaml\u0131 bir projenin sonuna gelmi\u015f olmaktan buruk bir mutluluk duyuyoruz” dedi. ‘Sergi \u00f6nemli bir kilometre ta\u015f\u0131 olacak’   Mezuniyet t\u00f6reni \u00f6ncesinde ger\u00e7ekle\u015ftirilen ‘Ben-Sen-Onlar: Sanat\u00e7\u0131 Kad\u0131nlar\u0131n Y\u00fczy\u0131l\u0131’  sergisi \u00f6zel turunda da a\u00e7\u0131klama yapan \u015eebnem Kalyoncuo\u011flu \u00dcnl\u00fc, “\u00dcNL\u00dc &amp; Co olarak 25’inci ya\u015f\u0131m\u0131z\u0131 kutlad\u0131\u011f\u0131m\u0131z bu \u00f6zel y\u0131lda T\u00fcrkiye’nin sanat\u00e7\u0131 kad\u0131nlar \u0131n\u0131n y\u00fczy\u0131ll\u0131k eme\u011fini ortaya koyan b\u00f6yle bir sergiye sponsor olmak bizler i\u00e7in gurur verici. Ben-Sen-Onlar sergisi, sanat tarihinin g\u00f6zden ka\u00e7\u0131rd\u0131\u011f\u0131 ya da ihmal etti\u011fi sanat\u00e7\u0131 kad\u0131nlar\u0131 fark edilmesi ve bu isimlerin g\u00f6r\u00fcn\u00fcr k\u0131l\u0131nmas\u0131 i\u00e7in \u00f6nemli bir kilometre ta\u015f\u0131 olacak” \u015feklinde konu\u015ftu. ","protected":false},"author":1,"featured_media":0,"parent":336,"menu_order":0,"comment_status":"open","ping_status":"closed","template":"","meta":{"_links_to":"https:\/\/www.kadindostumarkalar.org\/yazilar\/genel\/unlu038co-kadin-girisimciler-akademisi-5-yilda-100-mezun-verdi","_links_to_target":"https:\/\/www.kadindostumarkalar.org\/yazilar\/genel\/unlu038co-kadin-girisimciler-akademisi-5-yilda-100-mezun-verdi"},"_links":{"self":[{"href":"https:\/\/www.kadindostumarkalar.org\/yazilar\/genel\/unlu038co-kadin-girisimciler-akademisi-5-yilda-100-mezun-verdi"}],"collection":[{"href":"urlver"}],"about":[{"href":""}],"author":[{"embeddable":true,"href":"https:\/\/www.kadindostumarkalar.org\/yazilar\/genel\/unlu038co-kadin-girisimciler-akademisi-5-yilda-100-mezun-verdi"}],"replies":[{"embeddable":true,"href":"https:\/\/www.kadindostumarkalar.org\/yazilar\/genel\/unlu038co-kadin-girisimciler-akademisi-5-yilda-100-mezun-verdi"}],"version-history":[{"count":899,"href":"https:\/\/www.kadindostumarkalar.org\/yazilar\/genel\/unlu038co-kadin-girisimciler-akademisi-5-yilda-100-mezun-verdi"}],"predecessor-version":[{"id":336,"href":"https:\/\/www.kadindostumarkalar.org\/yazilar\/genel\/unlu038co-kadin-girisimciler-akademisi-5-yilda-100-mezun-verdi"}],"up":[{"embeddable":true,"href":"https:\/\/www.kadindostumarkalar.org\/yazilar\/genel\/unlu038co-kadin-girisimciler-akademisi-5-yilda-100-mezun-verdi"}],"wp:attachment":[{"href":"https:\/\/www.kadindostumarkalar.org\/img\/blog\/unluco.jpg"}],"curies":[{"name":".Net","href":"https:\/\/api.w.org\/{rel}","templated":true}]}}