{"id":588,"date":"2023-03-30T20:47:48","date_gmt":"2023-03-30T20:47:48","guid":{"rendered":"https:\/\/www.kadindostumarkalar.org\/yazilar\/haberler\/usakli-kadin-girisimciler-yetisiyor"},"modified":"2023-03-30T20:51:07","modified_gmt":"2023-03-30T20:51:07","slug":"usakli-kadin-girisimciler-yetisiyor","status":"publish","type":"page","link":"","title":{"rendered":"U\u015eAKLI ‘KADIN G\u0130R\u0130\u015e\u0130MC\u0130LER’ YET\u0130\u015e\u0130YOR"},"content":{"rendered":" Madencilik sekt\u00f6r\u00fcn\u00fcn \u00f6nemli akt\u00f6rlerinden T\u00dcPRAG, “\u00dcreten Kad\u0131nlar G\u00fc\u00e7l\u00fc Yar\u0131nlar” projesi kapsam\u0131nda U\u015fak’ta e\u011fitimlere ba\u015flad\u0131.   T\u00dcPRAG’\u0131n, ge\u00e7ti\u011fimiz y\u0131l \u0130zmir ’de Efem\u00e7ukuru Maden Tesisi etraf\u0131ndaki d\u00f6rt da\u011f k\u00f6y\u00fcn\u00fcn kad\u0131nlar\u0131n\u0131 giri\u015fimcilik ekosistemine katmak i\u00e7in hayata ge\u00e7irdi\u011fi “\u00dcreten Kad\u0131nlar G\u00fc\u00e7l\u00fc Yar\u0131nlar” projesi bu y\u0131l U\u015fak’ta devam ediyor. E\u011fitimlerin U\u015fak aya\u011f\u0131nda da kad\u0131n giri\u015fimci ler taraf\u0131ndan yo\u011fun ilgi g\u00f6ren proje, b\u00f6lgedeki kad\u0131nlar\u0131n giri\u015fimcilik ekosistemine dahil edilerek g\u00fc\u00e7lenmesini hedefliyor. Proje kapsam\u0131nda, kad\u0131n kooperatiflerine  ve kad\u0131n giri\u015fimcilere yakla\u015f\u0131k iki ay s\u00fcrecek e\u011fitimler verilecek. &nbsp; Kad\u0131n Dostu Markalar Platformu  i\u015f birli\u011finde U\u015fak K\u0131\u015flada\u011f Alt\u0131n Madeni  etraf\u0131ndaki k\u00f6ylerde giri\u015fimci ekosistemini desteklemek amac\u0131yla hayata ge\u00e7irilen “Kad\u0131n Giri\u015fimci Vizyon Program\u0131” kapsam\u0131nda, aralar\u0131nda E\u015fme Kad\u0131n Giri\u015fimci Kooperatifi  \u00fcyesi kad\u0131nlar\u0131n da bulundu\u011fu y\u00f6re halk\u0131na, giri\u015fimci ko\u00e7lu\u011fu, finansal okuryazarl\u0131k, mikro kredi, e-ticaret, finansa eri\u015fim  ve dijital pazarlama  konular\u0131nda e\u011fitimler veriliyor. Alan\u0131nda uzman e\u011fiticiler taraf\u0131ndan verilen e\u011fimlerle, 17 Mart-4 May\u0131s tarihleri aras\u0131nda devam edecek olan programda hedeflenen; b\u00f6lgedeki kad\u0131n giri\u015fimcilerin \u00f6nemli bilgi ve beceriler kazanmas\u0131 ve fark\u0131ndal\u0131klar\u0131n\u0131n art\u0131r\u0131lmas\u0131. Programda ayr\u0131ca kooperatif\u00e7ilikte hibe  ve te\u015fviklere ili\u015fkin \u00f6zel e\u011fitimler de verilecek. &nbsp; E\u011fitimin ilk g\u00fcn\u00fcnde de\u011fer merkezli i\u015f vizyonu olu\u015fturma konusunda bilgiler veren Kipos Coaching  Kurucusu Didem \u015een Pamuk , “Kad\u0131nlar\u0131m\u0131za hem kendi g\u00fc\u00e7l\u00fc y\u00f6nlerini fark etmelerini hem de bu g\u00fc\u00e7l\u00fc y\u00f6nlerini ve de\u011ferlerini ileride i\u015flerine nas\u0131l yans\u0131tacaklar\u0131n\u0131 ve bu i\u015flerini daha iyi anlatmalar\u0131n\u0131n yollar\u0131n\u0131 anlatmaya \u00e7al\u0131\u015ft\u0131k. Bu \u00e7al\u0131\u015fmalarda \u00e7ok anlaml\u0131 sonu\u00e7lara ula\u015ft\u0131k. Son derece keyifli zaman ge\u00e7irdik” dedi.  “7 KADIN 7 \u00c7UVAL UNLA YOLA \u00c7IKTIK”  K\u0131rsal alandaki kad\u0131n i\u015f g\u00fcc\u00fc n\u00fc ve kad\u0131n\u0131n toplumsal ya\u015famdaki konumunu g\u00fc\u00e7lendirmeyi hedefleyen projeye kad\u0131n kooperatiflerinden yo\u011fun bir ilgi g\u00f6sterildi. E\u011fitimde yer alan E\u015fme Merkez Kad\u0131n Tar\u0131msal Kalk\u0131nma Kooperatifi Ba\u015fkan\u0131 Ayten S\u00fcmer , “Yedi kad\u0131n yedi \u00e7uval unla yola \u00e7\u0131kt\u0131k, \u015fu an 19 \u00fcyemiz var. Bu e\u011fitim, bize i\u015flerimizi ba\u015far\u0131yla y\u00fcr\u00fctmek i\u00e7in gerekli bilgi ve becerileri kazand\u0131rd\u0131 ve \u00f6n\u00fcm\u00fcze \u00e7\u0131kan zorluklar\u0131n \u00fcstesinden gelmemiz i\u00e7in bize g\u00fcven verdi” dedi. Kad\u0131n\u0131 desteklemeye y\u00f6nelik projelerin \u00f6nemine de vurgu yapan S\u00fcmer s\u00f6zlerini, “Kad\u0131nlar olarak, ba\u015far\u0131 aray\u0131\u015f\u0131m\u0131zda -s\u0131kl\u0131kla- \u00e7ok say\u0131da engelle kar\u015f\u0131la\u015f\u0131yoruz. Ancak b\u00f6ylesi e\u011fitimler bize bu zorluklar\u0131n \u00fcstesinden gelmek ve dezavantajlar\u0131m\u0131z\u0131 ortadan kald\u0131rmak i\u00e7in ihtiya\u00e7 duydu\u011fumuz bak\u0131\u015f a\u00e7\u0131s\u0131n\u0131 sa\u011fl\u0131yor” \u015feklinde tamamlad\u0131. “KADINLARA YAPILAN YATIRIM T\u00dcRK\u0130YE’N\u0130N GELECE\u011e\u0130NE YATIRIMDIR”  T\u00dcPRAG K\u0131\u015flada\u011f Alt\u0131n Madeni Genel M\u00fcd\u00fcr Yard\u0131mc\u0131s\u0131 Hakan \u00dcnal , toplumsal faydaya \u00f6ncelik veren bir \u015firket olarak, kad\u0131nlar\u0131 g\u00fc\u00e7lendirmenin ve onlara \u00f6\u011frenme ve geli\u015fme f\u0131rsatlar\u0131 sunman\u0131n \u00f6neminin fark\u0131nda olduklar\u0131n\u0131 belirtti. E\u011fitim programlar\u0131 arac\u0131l\u0131\u011f\u0131yla, i\u015fletmelerinin yak\u0131nlar\u0131ndaki y\u00f6relerde ya\u015fayan kad\u0131nlar\u0131 desteklemeye; kendilerinin ve ailelerinin ya\u015famlar\u0131n\u0131 iyile\u015ftirebilecek yeni beceriler edinmelerine yard\u0131mc\u0131 olmaya kararl\u0131 olduklar\u0131n\u0131 vurgulayan \u00dcnal, “Kad\u0131nlara yap\u0131lan yat\u0131r\u0131m\u0131n \u00fclkemizin gelece\u011fine yap\u0131lan bir yat\u0131r\u0131m oldu\u011funa inan\u0131yoruz. Ortaya koydu\u011fumuz gayretin, projeye kat\u0131lan giri\u015fimci ya da giri\u015fimci aday\u0131 kad\u0131nlar\u0131n \u00fczerindeki olumlu etkisini g\u00f6rmek i\u00e7in sab\u0131rs\u0131zlan\u0131yoruz” dedi. “U\u015eAK’TA KADINLAR OMUZ OMUZA”  Kad\u0131n Dostu Markalar Platformu Kurucusu Nazl\u0131 Demirel , “T\u00fcprag Madencilik ile 2022 y\u0131l\u0131nda ba\u015flad\u0131\u011f\u0131m\u0131z '\u00dcreten Kad\u0131nlar G\u00fc\u00e7l\u00fc Yar\u0131nlar' projemizin U\u015fak program\u0131nda b\u00f6lgedeki kooperatif\u00e7ilik ruhunu yerinde m\u00fc\u015fahade ederek kad\u0131nlar\u0131n bir arada ve omuz omuza dayan\u0131\u015fmas\u0131na \u015fahit olduk. Bu arada b\u00f6lgedeki giri\u015fimci ekosistemini destekleyecek \u015fekilde, kad\u0131n\u0131n ekonomide daha fazla s\u00f6z sahibi olmas\u0131n\u0131n \u00f6n\u00fcnde hi\u00e7bir engelin olmad\u0131\u011f\u0131n\u0131 da g\u00f6rm\u00fc\u015f olduk. Bu anlamda ilk olarak E\u015fme Kad\u0131n Kooperatifi \u00fcyesi kad\u0131nlar olmak \u00fczere, b\u00f6lgedeki t\u00fcm kooperatiflere ve kad\u0131n giri\u015fimcilere ula\u015fmay\u0131 hedefleyen projenin ilk etab\u0131n\u0131 ba\u015far\u0131yla geride b\u0131rakt\u0131k” \u015feklinde konu\u015ftu.  ","protected":false},"author":1,"featured_media":0,"parent":588,"menu_order":0,"comment_status":"open","ping_status":"closed","template":"","meta":{"_links_to":"https:\/\/www.kadindostumarkalar.org\/yazilar\/haberler\/usakli-kadin-girisimciler-yetisiyor","_links_to_target":"https:\/\/www.kadindostumarkalar.org\/yazilar\/haberler\/usakli-kadin-girisimciler-yetisiyor"},"_links":{"self":[{"href":"https:\/\/www.kadindostumarkalar.org\/yazilar\/haberler\/usakli-kadin-girisimciler-yetisiyor"}],"collection":[{"href":"urlver"}],"about":[{"href":""}],"author":[{"embeddable":true,"href":"https:\/\/www.kadindostumarkalar.org\/yazilar\/haberler\/usakli-kadin-girisimciler-yetisiyor"}],"replies":[{"embeddable":true,"href":"https:\/\/www.kadindostumarkalar.org\/yazilar\/haberler\/usakli-kadin-girisimciler-yetisiyor"}],"version-history":[{"count":1225,"href":"https:\/\/www.kadindostumarkalar.org\/yazilar\/haberler\/usakli-kadin-girisimciler-yetisiyor"}],"predecessor-version":[{"id":588,"href":"https:\/\/www.kadindostumarkalar.org\/yazilar\/haberler\/usakli-kadin-girisimciler-yetisiyor"}],"up":[{"embeddable":true,"href":"https:\/\/www.kadindostumarkalar.org\/yazilar\/haberler\/usakli-kadin-girisimciler-yetisiyor"}],"wp:attachment":[{"href":"https:\/\/www.kadindostumarkalar.org\/img\/blog\/usakli-kadin-girisimciler-yetisiyor-0-45927.jpg"}],"curies":[{"name":".Net","href":"https:\/\/api.w.org\/{rel}","templated":true}]}}