{"id":193,"date":"2022-01-21T00:00:00","date_gmt":"2022-01-21T00:00:00","guid":{"rendered":"https:\/\/www.kadindostumarkalar.org\/yazilar\/kahve-sohbetleri\/dijital-cozumlerle-is-dunyasinda-hayati-kolaylastiriyor"},"modified":"2022-06-02T00:37:52","modified_gmt":"2022-06-02T00:37:52","slug":"dijital-cozumlerle-is-dunyasinda-hayati-kolaylastiriyor","status":"publish","type":"page","link":"","title":{"rendered":"D\u0130J\u0130TAL \u00c7\u00d6Z\u00dcMLERLE, \u0130\u015e D\u00dcNYASINDA HAYATI KOLAYLA\u015eTIRIYOR"},"content":{"rendered":"Kariyer yolculu\u011funda, bir\u00e7ok farkl\u0131 sekt\u00f6rden edindi\u011fi tecr\u00fcbelerle yol almaya devam eden, \u00e7a\u011f\u0131n gereksinimi olan dijital d\u00f6n\u00fc\u015f\u00fcm\u00fc benimseyerek t\u00fcm i\u015f s\u00fcre\u00e7lerine entegre etmi\u015f, yenilik\u00e7i, d\u00f6n\u00fc\u015f\u00fcmc\u00fc ve ba\u015far\u0131l\u0131 i\u015f insan\u0131,  Edenred T\u00fcrkiye Pazarlama ve \u0130\u015f Geli\u015ftirme Direkt\u00f6r\u00fc  Sn.  Zeynep Ege Dura ile hem i\u015f hayat\u0131n\u0131 hem de i\u015f hayat\u0131nda kad\u0131n\u0131n yerini konu\u015ftu\u011fumuz keyifli bir sohbet ger\u00e7ekle\u015ftirdik.   Zeynep Dura kimdir; nas\u0131l bir e\u011fitim ald\u0131? \u0130\u015f hayat\u0131na giri\u015fi nas\u0131l oldu? Sosyal y\u00f6nlerinizden de bahsederek, biraz bize kendinizi anlat\u0131r m\u0131s\u0131n\u0131z?   St. George Avusturya Lisesi ’nden sonra e\u011fitim hayat\u0131ma Bo\u011fazi\u00e7i \u00dcniversitesi Siyaset Bilimi  ve Uluslararas\u0131 \u0130li\u015fkiler b\u00f6l\u00fcm\u00fcnde devam ettim. Ayn\u0131 okulda \u0130\u015fletme Y\u00f6netimi y\u00fcksek lisans\u0131m\u0131 tamamlad\u0131ktan sonra 1998 y\u0131l\u0131nda Coca Cola ’da Pazarlama Uzman\u0131 olarak \u00e7al\u0131\u015fmaya ba\u015flayarak pazarlama d\u00fcnyas\u0131na giri\u015f yapt\u0131m. \u0130\u015f d\u0131\u015f\u0131nda ise m\u00fczi\u011fe b\u00fcy\u00fck bir ilgi duyuyorum. Uzun y\u0131llard\u0131r devam etti\u011fim koro \u00e7al\u0131\u015fmalar\u0131na \u015fu anda Sirene Kad\u0131nlar Korosu ’nda devam ediyorum. Ortaokul y\u0131llar\u0131nda tenis, voleybol ve basketbol lisansl\u0131 oyuncusuydum. \u015eimdi ise ne yaz\u0131k ki sadece pilates ve y\u00fcr\u00fcy\u00fc\u015f ile yetinmek zorunda kal\u0131yorum. Kariyer yolculu\u011funuzdan ve duraklar\u0131n\u0131zdan da k\u0131saca bahseder misiniz?    Coca Cola’dan sonra Do\u011fu\u015f Yay\u0131n Grubu ’nda M\u00fc\u015fteri \u0130li\u015fkileri Y\u00f6neticisi olarak \u00e7al\u0131\u015fmaya ba\u015flad\u0131m. Ard\u0131ndan BP  ve Philip Morris ’te g\u00f6rev ald\u0131m. Limango, FLO  ve Defacto  gibi firmalarda kazand\u0131\u011f\u0131m 7 y\u0131ll\u0131k e-ticaret  tecr\u00fcbesiyle, geleneksel ba\u015flayan pazarlama maceram dijitale d\u00f6n\u00fc\u015ft\u00fc. 2018 y\u0131l\u0131nda ise yolum Edenred  ile kesi\u015fti. D\u00fcnyada yemek kart\u0131  sekt\u00f6r\u00fcn\u00fc in\u015fa eden, Ticket Restaurant  markas\u0131 ile T\u00fcrkiye’yi de yemek kart\u0131 sistemiyle tan\u0131\u015ft\u0131ran Edenred’in Pazarlama, \u0130\u015f Geli\u015ftirme ve M\u00fc\u015fteri Deneyimi Direkt\u00f6r\u00fcy\u00fcm. Burada geleneksel ve dijital pazarlama deneyimime art\u0131 olarak kendimi ‘B2B lead generaion’ ve tele-sat\u0131\u015f alan\u0131nda da geli\u015ftirdim. Bir kad\u0131n y\u00f6netici olarak sekt\u00f6r\u00fcn\u00fcze ne gibi katk\u0131lar sundunuz?   T\u00fcrkiye’de e-ticaret sekt\u00f6r\u00fcn\u00fcn geli\u015fmesinde \u00f6nemli katk\u0131lar\u0131m oldu. Hem sekt\u00f6re deneyimli ki\u015filer yeti\u015ftirdim hem de daha start-up a\u015famas\u0131nda olan \u015firketlerin b\u00fcy\u00fcmelerine destek oldum. Gelecek 10 y\u0131lda kariyerinizde ve \u015firketinizde nas\u0131l bir de\u011fi\u015fim hedefliyorsunuz? 10 y\u0131ll\u0131k hedeflerinizden bahseder misiniz?  Pazarlama departmanlar\u0131n\u0131n misyonu son 10 senede \u00e7ok de\u011fi\u015fti. Dijital teknolojiler  i\u015fimizi yapmam\u0131z\u0131n olmazsa olmaz\u0131 oldu. Benim de amac\u0131m hem kendimi bu konuda \u00e7ok daha fazla geli\u015ftirmek hem de Edenred’i m\u00fcmk\u00fcn oldu\u011funca dijital s\u00fcre\u00e7ler ile y\u00f6netilen bir \u015firket haline getirmek. \u00d6zellikle \u00fcr\u00fcn yelpazemize de bu \u00e7er\u00e7evede bak\u0131p m\u00fc\u015fterilerimizin hayat\u0131n\u0131 kolayla\u015ft\u0131racak dijital \u00e7\u00f6z\u00fcmler  geli\u015ftirmeye katk\u0131 sa\u011flamaya devam etmek istiyorum. D\u00fcnyada i\u015f yapma ko\u015fullar\u0131 de\u011fi\u015fti, kad\u0131nlar art\u0131k her sekt\u00f6rde varlar ve \u00e7ok aktifler. Sekt\u00f6r\u00fcn\u00fczde kad\u0131n temsili oranlar\u0131 bir\u00e7ok sekt\u00f6rde oldu\u011fu gibi her d\u00f6nem art\u0131yor. Siz bu durumu nas\u0131l de\u011ferlendiriyorsunuz?   Yemek kart\u0131 sekt\u00f6r\u00fcnde gerek \u00fclkemizde gerekse globalde kad\u0131nlar  hep \u00f6n planda bulunuyor. Bu sebeple a\u00e7\u0131k\u00e7as\u0131 kad\u0131n erkek fark\u0131n\u0131 hissetti\u011fimizi s\u00f6yleyemem. Kad\u0131nlar\u0131n sekt\u00f6r\u00fcm\u00fcz\u00fc ba\u015far\u0131yla temsil etmesinden \u00f6t\u00fcr\u00fc mutlu ve gururluyum. “Y\u00f6netim felsefemi de\u011fi\u015fime ve ilerlemeye duydu\u011fum tutku olu\u015fturuyor”  Y\u00f6netim felsefenize ve hayat\u0131n\u0131za \u0131\u015f\u0131k tutan s\u00f6zler, kitaplar veya ki\u015filer var m\u0131d\u0131r?  Steve Jobs ’\u0131n \u00e7ok sevdi\u011fim bir s\u00f6z\u00fc var: “Lideri, takip\u00e7ilerden ay\u0131ran inovasyondur.” Benim de y\u00f6netim felsefemi de\u011fi\u015fime ve ilerlemeye duydu\u011fum tutku olu\u015fturuyor. Eskiden pazarlamac\u0131 dedi\u011finiz zaman iyi bir ileti\u015fimci ve iyi bir stratejist akla gelirdi ama art\u0131k sadece bu yetmiyor. \u00c7\u00fcnk\u00fc d\u00fcnya dijitalle\u015fiyor; pazarlama d\u00fcnyas\u0131 kabuk de\u011fi\u015ftiriyor. Bu anlamda devaml\u0131 olarak yeni \u015feyler \u00f6\u011frenmek i\u00e7in \u00e7abal\u0131yor; bir\u00e7ok uzmanl\u0131\u011f\u0131 birle\u015ftirmek i\u00e7in gayret ediyorum. Pazarlama d\u00fcnyas\u0131n\u0131n dinamizmi bana \u00e7ok iyi geliyor, bana hem itici g\u00fc\u00e7 hem de \u0131\u015f\u0131k oluyor. COVID-19 salg\u0131n\u0131, d\u00fcnya genelinde bug\u00fcne kadar al\u0131\u015f\u0131k olmad\u0131\u011f\u0131m\u0131z bir tablo yaratt\u0131. Nas\u0131l a\u015f\u0131laca\u011f\u0131n\u0131 ve ne zaman sonu\u00e7lanaca\u011f\u0131n\u0131 tam olarak bilemedi\u011fimiz bir krizle kar\u015f\u0131 kar\u015f\u0131yay\u0131z. Bu s\u00fcre\u00e7te \u015firketinizde ne y\u00f6nde \u00e7al\u0131\u015fmalar ger\u00e7ekle\u015ftirdiniz?    G\u00fc\u00e7l\u00fc dijital yetkinli\u011fimiz sayesinde, T\u00fcrkiye’de ilk vaka a\u00e7\u0131kland\u0131ktan hemen sonra h\u0131zla ve sorunsuz olarak evden \u00e7al\u0131\u015fma sistemine ge\u00e7tik. Bu s\u00fcre\u00e7te bizim gibi evden \u00e7al\u0131\u015fmaya ge\u00e7en pek \u00e7ok \u015firket \u00e7al\u0131\u015fanlar\u0131n\u0131n yemek kartlar\u0131na bakiye yat\u0131rma konusunda karars\u0131z kald\u0131. Edenred T\u00fcrkiye  olarak biz uzaktan \u00e7al\u0131\u015fma d\u00fczeninde de \u00f6\u011fle yeme\u011fi hakk\u0131n\u0131n devam etmesi gereken bir yan hak oldu\u011fu bilincini art\u0131rmaya y\u00f6nelik faaliyetlerimizle \u00e7al\u0131\u015fanlar\u0131n yan\u0131nda olduk. Yine pandeminin hemen ba\u015f\u0131nda QR kodla \u00f6demeye ek olarak sekt\u00f6rde bir ilke imza att\u0131\u011f\u0131m\u0131z NFC teknolojili EdenredPay  dijital \u00f6deme  \u00e7\u00f6z\u00fcm\u00fcm\u00fcz\u00fc kullan\u0131c\u0131lar\u0131m\u0131za sunduk. Ard\u0131ndan m\u00fc\u015fteri ve kullan\u0131c\u0131lar\u0131m\u0131z\u0131n taleplerine h\u0131zla yan\u0131t verip plastik karta bir alternatif olarak Dijital Kart’\u0131m\u0131z\u0131 lanse ettik. Temas\u0131 en aza indiren t\u00fcm bu dijital \u00f6deme \u00e7\u00f6z\u00fcmlerimiz temass\u0131z ve hijyenik olma \u00f6zellikleri nedeniyle s\u0131kl\u0131kla tercih edildi. Edenred olarak, al\u0131nan tedbirler nedeniyle aylarca kapal\u0131 kalan k\u00fc\u00e7\u00fck i\u015fletmeleri desteklemek amac\u0131yla pandemi  d\u00f6nemine \u00f6zel olu\u015fturdu\u011fumuz “More Than Ever ” isimli yard\u0131m fonumuz arac\u0131l\u0131\u011f\u0131yla \u015fimdiye kadar 3 k\u0131tada 70 giri\u015fimi destekledik. \u00dclkemizde ise 400 restorana i\u00e7erisinde Android  yaz\u0131l\u0131m  bulunan, yeni nesil POS cihazlar\u0131  hediye ettik. B\u00f6ylece bu restoranlar\u0131n, teknolojinin yard\u0131m\u0131yla rakipleri aras\u0131ndan s\u0131yr\u0131lmalar\u0131na katk\u0131da bulunabilmeyi hedefledik. \u015eirketinizde kad\u0131n \u00e7al\u0131\u015fan oran\u0131 nedir? \u0130K s\u00fcre\u00e7lerinizde cinsiyet e\u015fitli\u011finin \u00f6nemi ve \u00f6nceli\u011finden bahseder misiniz?   Edenred, t\u00fcm d\u00fcnyada \u00e7al\u0131\u015fan kad\u0131nlar\u0131n en \u00e7ok “e\u015fit hak ve \u00fccrete” ihtiya\u00e7 duydu\u011funun son derece bilincinde olan bir \u015firket. Bu nedenle kendi \u00e7al\u0131\u015fanlar\u0131na i\u015f yerinin herkes i\u00e7in iyi bir yer haline geldi\u011fi, e\u015fitli\u011fin, \u00e7e\u015fitlili\u011fin, adaletin g\u00f6zetildi\u011fi, kimsenin de\u011fersiz hissettirilmedi\u011fi bir \u00e7al\u0131\u015fma ortam\u0131 sunuyor. \u0130mzalad\u0131\u011f\u0131m\u0131z “\u00c7e\u015fitlilik Bildirgesi ” ile de \u00e7al\u0131\u015fanlara hi\u00e7bir konuda ayr\u0131mc\u0131l\u0131k yap\u0131lmayaca\u011f\u0131n\u0131n s\u00f6z\u00fcn\u00fc veriyoruz. Bug\u00fcn kad\u0131n dostu , \u00e7al\u0131\u015fan dostu  bir marka olmam\u0131zdaki en \u00f6nemli unsurun da bu yakla\u015f\u0131m oldu\u011funu d\u00fc\u015f\u00fcn\u00fcyorum. Edenred faaliyet g\u00f6sterdi\u011fi 46 \u00fclkede kad\u0131n \u00e7al\u0131\u015fan  say\u0131s\u0131n\u0131n daha da artmas\u0131n\u0131 sa\u011flayacak hedefler belirliyor. Mesleklerin cinsiyetinin olmad\u0131\u011f\u0131 inanc\u0131yla biz T\u00fcrkiye’de, y\u00fczde 53 kad\u0131n \u00e7al\u0131\u015fan oran\u0131m\u0131zla verilen hedeflere zaten ula\u015fm\u0131\u015f durumday\u0131z. Cinsiyet kavramlar\u0131na de\u011fil pozisyonun gerekliliklerine g\u00f6re i\u015fe al\u0131m yap\u0131yor, e\u015fit \u00f6zl\u00fck haklar\u0131  sa\u011flad\u0131\u011f\u0131m\u0131z yol arkada\u015flar\u0131m\u0131z\u0131n mutlulu\u011funa odaklan\u0131yoruz. Y\u00f6netimde oldu\u011funuz s\u00fcre\u00e7te \u00f6nc\u00fcl\u00fck etti\u011finiz kurumsal sosyal sorumluluk projeleriniz var m\u0131? Nelerdir? \u00d6zellikle s\u00fcrd\u00fcr\u00fclebilir kalk\u0131nma ve toplumda kad\u0131n\u0131n g\u00fc\u00e7lenmesine dair ne gibi \u00e7al\u0131\u015fmalar ortaya koymaktas\u0131n\u0131z? Projeleriniz ve s\u00fcrd\u00fcr\u00fclebilirlik hedeflerinizi \u00f6\u011frenebilir miyiz?   Edenred’in d\u00fcnya \u00e7ap\u0131nda dayan\u0131\u015fma ve yerel topluluklar\u0131 destekleme g\u00fcn\u00fc olarak ilan etti\u011fi “Idealday ” kapsam\u0131nda \u00e7al\u0131\u015fanlar olarak bir i\u015f g\u00fcn\u00fcm\u00fcz\u00fc g\u00f6n\u00fcll\u00fc sosyal sorumluluk projelerine ay\u0131r\u0131yoruz. Yine t\u00fcm d\u00fcnyadan Edenred \u00e7al\u0131\u015fanlar\u0131n\u0131n iyi bir ama\u00e7 i\u00e7in ko\u015fmas\u0131n\u0131, y\u00fcr\u00fcmesini, bisiklet s\u00fcrmesini veya y\u00fczmesini te\u015fvik eden “Edenraid ” kapsam\u0131nda da sosyal sorumluluk projelerine imza atan kurulu\u015flarla ortak \u00e7al\u0131\u015fmalar ger\u00e7ekle\u015ftiriyoruz. S\u00fcrd\u00fcr\u00fclebilir  bir d\u00fcnya i\u00e7in teknolojinin g\u00fcc\u00fcnden yararlan\u0131yor; dijital \u00e7\u00f6z\u00fcmlerimizle faaliyetlerimizi \u00e7evre dostu  bir \u015fekilde ger\u00e7ekle\u015ftirmek i\u00e7in \u00e7al\u0131\u015f\u0131yoruz. 2022 y\u0131l\u0131nda sera gaz\u0131  emisyonunu 2013 y\u0131l\u0131na oranla y\u00fczde 26 oran\u0131nda azaltmay\u0131, \u00e7evre dostu hizmetlerimizi y\u00fczde 20 oran\u0131nda art\u0131rmay\u0131, ekolojik  olarak tasarlanm\u0131\u015f veya geri d\u00f6n\u00fc\u015ft\u00fcr\u00fclm\u00fc\u015f \u00e7\u00f6z\u00fcmleri ise y\u00fczde 35 oran\u0131nda yayg\u0131nla\u015ft\u0131rmay\u0131 hedefliyoruz. \u0130\u015f d\u00fcnyas\u0131nda cinsiyetle\u015fmi\u015f meslekler hakk\u0131nda \u00f6nemli bir d\u00f6n\u00fc\u015f\u00fcm s\u00fcrecinde oldu\u011fumuzu g\u00f6r\u00fcyoruz, ancak hala yolun ba\u015f\u0131nday\u0131z. Siz bu konuda ne d\u00fc\u015f\u00fcn\u00fcyorsunuz? Cam tavanlar, \u00e7al\u0131\u015fma ko\u015fullar\u0131 ve f\u0131rsatlar\u0131n iyile\u015ftirilmesi anlam\u0131nda T\u00fcrkiye ve d\u00fcnyada gelecek 10 y\u0131lda nas\u0131l bir tablo olu\u015faca\u011f\u0131n\u0131 \u00f6ng\u00f6r\u00fcyorsunuz?   Bu konuda hen\u00fcz yolun daha \u00e7ok ba\u015f\u0131nda oldu\u011fumuzu d\u00fc\u015f\u00fcn\u00fcyorum. Ama mesleklerin cinsiyetinin olmad\u0131\u011f\u0131n\u0131n, olamayaca\u011f\u0131n\u0131n bilincinde olan y\u00f6neticilerin, \u015firketlerin say\u0131s\u0131 her ge\u00e7en g\u00fc\u00e7 art\u0131yor. Bu konuda fark\u0131ndal\u0131k  yaratmak isteyen platformlar\u0131n sesi art\u0131k \u00e7ok daha g\u00fc\u00e7l\u00fc \u00e7\u0131k\u0131yor. \u00c7al\u0131\u015fanlar haklar\u0131n\u0131 \u00e7ok daha iyi biliyor. Gelecek 10 y\u0131lda bir \u015feylerin de\u011fi\u015febilmesi i\u00e7in, cam tavanlar\u0131n y\u0131k\u0131lmas\u0131, kad\u0131nlar\u0131n pozitif ayr\u0131mc\u0131l\u0131\u011fa  ihtiya\u00e7 duymad\u0131\u011f\u0131 bir d\u00fcnyaya kavu\u015fmas\u0131 i\u00e7in \u015firketlerin \u00e7al\u0131\u015fanlar\u0131na art\u0131k e\u015fitli\u011fin s\u00f6z\u00fcn\u00fc net ve g\u00fcr bir \u015fekilde verebilmeleri gerekiyor. “Kad\u0131nlar\u0131n i\u015f d\u00fcnyas\u0131nda daha g\u00f6r\u00fcn\u00fcr olmas\u0131 hepimizin ortak gayesi olmal\u0131”   T\u00fcrkiye’de kad\u0131n\u0131n i\u015f hayat\u0131nda ve sosyal ya\u015famda daha etkin ve aktif olabilmesi i\u00e7in sizce neler yap\u0131lmal\u0131? Ayr\u0131ca bu s\u00fcre\u00e7te sizce kimlere ne gibi sorumluluklar d\u00fc\u015f\u00fcyor?  Edenred T\u00fcrkiye ekibi olarak t\u00fcm alanlarda f\u0131rsat e\u015fitli\u011fini  ve \u00e7e\u015fitlili\u011fini sa\u011flaman\u0131n ba\u015far\u0131l\u0131 toplumlar\u0131n temeli oldu\u011funu d\u00fc\u015f\u00fcn\u00fcyoruz. Kad\u0131nlar\u0131n i\u015f d\u00fcnyas\u0131nda daha g\u00f6r\u00fcn\u00fcr olmas\u0131 hepimizin ortak gayesi olmal\u0131. Bu sebeple \u00f6ncelikle kad\u0131n dostu markalar\u0131n artmas\u0131 gerekiyor. \u0130\u015f yerlerinde \u00e7al\u0131\u015fan annelere  ihtiya\u00e7 duydu\u011fu destekleri sa\u011flayan \u015firketler \u00e7o\u011falmal\u0131, ayn\u0131 pozisyondaki kad\u0131n ve erkek \u00e7al\u0131\u015fanlar aras\u0131ndaki maa\u015f farkl\u0131l\u0131klar\u0131 ortadan kalkmal\u0131. Gerek i\u015fe al\u0131mlarda gerek yeni kariyer f\u0131rsatlar\u0131nda kad\u0131nlar\u0131n maruz kald\u0131\u011f\u0131 ayr\u0131mc\u0131l\u0131k sona ermeli.  Ayn\u0131 zamanda bu kapsamda somut ad\u0131m atan markalar te\u015fvik ama\u00e7l\u0131 daha fazla duyurulmal\u0131; konu hepimizin her zaman ilk g\u00fcndem maddesi olarak kalmal\u0131. Varsa bireysel \u00f6d\u00fclleriniz, bildi\u011finiz yabanc\u0131 diller, \u00fcyesi oldu\u011funuz veya y\u00f6netiminde bulundu\u011funuz sivil toplum kurulu\u015flar nelerdir?   \u0130ngilizce ve Almanca biliyorum. \u0130spanyolca’y\u0131 da \u00f6\u011frenmeye s\u00fcrecindeyim. ","protected":false},"author":1,"featured_media":0,"parent":193,"menu_order":0,"comment_status":"open","ping_status":"closed","template":"","meta":{"_links_to":"https:\/\/www.kadindostumarkalar.org\/yazilar\/kahve-sohbetleri\/dijital-cozumlerle-is-dunyasinda-hayati-kolaylastiriyor","_links_to_target":"https:\/\/www.kadindostumarkalar.org\/yazilar\/kahve-sohbetleri\/dijital-cozumlerle-is-dunyasinda-hayati-kolaylastiriyor"},"_links":{"self":[{"href":"https:\/\/www.kadindostumarkalar.org\/yazilar\/kahve-sohbetleri\/dijital-cozumlerle-is-dunyasinda-hayati-kolaylastiriyor"}],"collection":[{"href":"urlver"}],"about":[{"href":""}],"author":[{"embeddable":true,"href":"https:\/\/www.kadindostumarkalar.org\/yazilar\/kahve-sohbetleri\/dijital-cozumlerle-is-dunyasinda-hayati-kolaylastiriyor"}],"replies":[{"embeddable":true,"href":"https:\/\/www.kadindostumarkalar.org\/yazilar\/kahve-sohbetleri\/dijital-cozumlerle-is-dunyasinda-hayati-kolaylastiriyor"}],"version-history":[{"count":2046,"href":"https:\/\/www.kadindostumarkalar.org\/yazilar\/kahve-sohbetleri\/dijital-cozumlerle-is-dunyasinda-hayati-kolaylastiriyor"}],"predecessor-version":[{"id":193,"href":"https:\/\/www.kadindostumarkalar.org\/yazilar\/kahve-sohbetleri\/dijital-cozumlerle-is-dunyasinda-hayati-kolaylastiriyor"}],"up":[{"embeddable":true,"href":"https:\/\/www.kadindostumarkalar.org\/yazilar\/kahve-sohbetleri\/dijital-cozumlerle-is-dunyasinda-hayati-kolaylastiriyor"}],"wp:attachment":[{"href":"https:\/\/www.kadindostumarkalar.org\/img\/blog\/ekran-resmi-2022-01-21-17.20.58.png"}],"curies":[{"name":".Net","href":"https:\/\/api.w.org\/{rel}","templated":true}]}}